{"id":987725187,"date":"2024-10-07T16:32:11","date_gmt":"2024-10-07T15:32:11","guid":{"rendered":"https:\/\/p4h.world\/?post_type=documents&#038;p=987725187"},"modified":"2024-10-07T16:32:25","modified_gmt":"2024-10-07T15:32:25","slug":"estrategia-nacional-de-proteccion-social-2012","status":"publish","type":"documents","link":"https:\/\/p4h.world\/es\/documents\/estrategia-nacional-de-proteccion-social-2012\/","title":{"rendered":"Estrategia Nacional de Protecci\u00f3n Social-2012"},"content":{"rendered":"<p>[et_pb_section fb_built=&#8221;1&#8243; admin_label=&#8221;!!! PLEASE DO NOT EDIT !!!&#8221; _builder_version=&#8221;4.16&#8243; global_colors_info=&#8221;{}&#8221;][et_pb_row admin_label=&#8221;! !! \u00a1NO MODIFICAR ! \u00a1\u00a1!!   &#8221; _builder_version=&#8221;4.16&#8243; background_size=&#8221;initial&#8221; background_position=&#8221;top_left&#8221; background_repeat=&#8221;repeat&#8221; global_colors_info=&#8221;{}&#8221;][et_pb_column type=&#8221;4_4&#8243; _builder_version=&#8221;4.16&#8243; custom_padding=&#8221;|||&#8221; global_colors_info=&#8221;{}&#8221; custom_padding__hover=&#8221;|||&#8221;][et_pb_text admin_label=&#8221;TO BE EDITED &#8211; TEXT &#8211; Click on the WHEEL icon to open the text-area where you can type your text. Add a paragraph to introduce the Document&#8221; _builder_version=&#8221;4.21.0&#8243; _module_preset=&#8221;default&#8221; global_colors_info=&#8221;{}&#8221;]<\/p>\n<p style=\"font-weight: 400;\">El documento consta de cuatro partes y varios ap\u00e9ndices.<\/p>\n<p style=\"font-weight: 400;\"><strong><em>La primera parte<\/em><\/strong> introduce las definiciones, las dimensiones y el marco conceptual de la protecci\u00f3n social<em>(cap\u00edtulo 1<\/em>), presenta los principales elementos del contexto nacional en relaci\u00f3n con la cuesti\u00f3n abordada<em>(cap\u00edtulo 2<\/em>) y ofrece un resumen del diagn\u00f3stico de la vulnerabilidad y del estado de la protecci\u00f3n social en Mauritania<em>(cap\u00edtulo 3<\/em>).<\/p>\n<p style=\"font-weight: 400;\"><strong><em>La segunda parte<\/em><\/strong> trata de la visi\u00f3n nacional de la protecci\u00f3n social en Mauritania, identifica los objetivos y las orientaciones estrat\u00e9gicas y expone los principios fundamentales que han guiado el desarrollo de esta estrategia<em>(cap\u00edtulo 4<\/em>).<\/p>\n<p style=\"font-weight: 400;\"><strong><em>La tercera parte<\/em><\/strong> presenta las prioridades estrat\u00e9gicas<em>(Cap\u00edtulo 5<\/em>), proporcionando un diagn\u00f3stico b\u00e1sico e identificando las orientaciones generales, los objetivos espec\u00edficos y las acciones prioritarias en los \u00e1mbitos de la seguridad alimentaria, la nutrici\u00f3n, el medio ambiente y el cambio clim\u00e1tico<em>(Cap\u00edtulo 6<\/em>), el acceso a los servicios sanitarios y la educaci\u00f3n<em>(Cap\u00edtulo 7)<\/em>, la seguridad social, el trabajo y el empleo<em>(Cap\u00edtulo 8<\/em>), la mejora del entorno vital<em>(Cap\u00edtulo 9<\/em>), y la asistencia social y la promoci\u00f3n de los grupos vulnerables<em>(Cap\u00edtulo 10<\/em>).<\/p>\n<p style=\"font-weight: 400;\"><strong><em>La cuarta parte<\/em><\/strong> presenta las medidas de aplicaci\u00f3n de la estrategia. Proporciona un an\u00e1lisis presupuestario resumido del gasto en protecci\u00f3n social para los a\u00f1os 2010-2011, identifica mecanismos y hace propuestas para una estrategia de movilizaci\u00f3n de recursos para financiar la protecci\u00f3n social<em>(Cap\u00edtulo 11<\/em>). Esta secci\u00f3n tambi\u00e9n presenta un marco para la coordinaci\u00f3n institucional<em>(Cap\u00edtulo 12<\/em>) y una serie de medidas para apoyar la aplicaci\u00f3n de la estrategia <em>(Cap\u00edtulo 13<\/em>). Por \u00faltimo, esta secci\u00f3n ofrece una hoja de ruta para orientar las medidas a aplicar y las acciones a emprender en las pr\u00f3ximas etapas<em>(Cap\u00edtulo 14<\/em>).   <\/p>\n<p>[\/et_pb_text][\/et_pb_column][\/et_pb_row][\/et_pb_section]<\/p>\n","protected":false},"excerpt":{"rendered":"<p>El documento consta de cuatro partes y varios ap\u00e9ndices. La primera parte introduce las definiciones, las dimensiones y el marco conceptual de la protecci\u00f3n social(cap\u00edtulo 1), presenta los principales elementos del contexto nacional en relaci\u00f3n con la cuesti\u00f3n abordada(cap\u00edtulo 2) y ofrece un resumen del diagn\u00f3stico de la vulnerabilidad y del estado de la protecci\u00f3n&#8230;<\/p>\n","protected":false},"author":1633,"featured_media":0,"comment_status":"closed","ping_status":"closed","template":"","meta":{"_et_pb_use_builder":"on","_et_pb_old_content":"","_et_gb_content_width":""},"categories":[],"tags":[2435,3032,2452,2635],"document_type":[2768],"acf":[],"_links":{"self":[{"href":"https:\/\/p4h.world\/es\/wp-json\/wp\/v2\/documents\/987725187"}],"collection":[{"href":"https:\/\/p4h.world\/es\/wp-json\/wp\/v2\/documents"}],"about":[{"href":"https:\/\/p4h.world\/es\/wp-json\/wp\/v2\/types\/documents"}],"author":[{"embeddable":true,"href":"https:\/\/p4h.world\/es\/wp-json\/wp\/v2\/users\/1633"}],"replies":[{"embeddable":true,"href":"https:\/\/p4h.world\/es\/wp-json\/wp\/v2\/comments?post=987725187"}],"version-history":[{"count":4,"href":"https:\/\/p4h.world\/es\/wp-json\/wp\/v2\/documents\/987725187\/revisions"}],"predecessor-version":[{"id":987725194,"href":"https:\/\/p4h.world\/es\/wp-json\/wp\/v2\/documents\/987725187\/revisions\/987725194"}],"wp:attachment":[{"href":"https:\/\/p4h.world\/es\/wp-json\/wp\/v2\/media?parent=987725187"}],"wp:term":[{"taxonomy":"category","embeddable":true,"href":"https:\/\/p4h.world\/es\/wp-json\/wp\/v2\/categories?post=987725187"},{"taxonomy":"post_tag","embeddable":true,"href":"https:\/\/p4h.world\/es\/wp-json\/wp\/v2\/tags?post=987725187"},{"taxonomy":"document_type","embeddable":true,"href":"https:\/\/p4h.world\/es\/wp-json\/wp\/v2\/document_type?post=987725187"}],"curies":[{"name":"wp","href":"https:\/\/api.w.org\/{rel}","templated":true}]}}