{"id":987629175,"date":"2023-02-03T08:20:29","date_gmt":"2023-02-03T07:20:29","guid":{"rendered":"https:\/\/p4h.world\/countries\/vietnam\/"},"modified":"2025-12-03T18:43:54","modified_gmt":"2025-12-03T17:43:54","slug":"vietnam","status":"publish","type":"country","link":"https:\/\/p4h.world\/fr\/countries\/vietnam\/","title":{"rendered":"Viet Nam"},"content":{"rendered":"<p>[et_pb_section fb_built=&#8221;1&#8243; admin_label=&#8221;!! PLEASE DO NOT EDIT !!!&#8221; _builder_version=&#8221;4.19.5&#8243; _module_preset=&#8221;default&#8221; global_colors_info=&#8221;{}&#8221;][et_pb_row use_custom_gutter=&#8221;on&#8221; gutter_width=&#8221;1&#8243; admin_label=&#8221;! !! N&#039;\u00c9DITEZ PAS ! !! &#8221; _builder_version=&#8221;4.20.4&#8243; _module_preset=&#8221;default&#8221; global_colors_info=&#8221;{}&#8221;][et_pb_column type=&#8221;4_4&#8243; _builder_version=&#8221;4.19.5&#8243; _module_preset=&#8221;default&#8221; global_colors_info=&#8221;{}&#8221;][et_pb_text admin_label=&#8221;TEXT &#8211; BLOCK 1&#8243; _builder_version=&#8221;4.21.0&#8243; _module_preset=&#8221;default&#8221; custom_padding=&#8221;||1em||false|false&#8221; hover_enabled=&#8221;0&#8243; global_colors_info=&#8221;{}&#8221; sticky_enabled=&#8221;0&#8243;]<\/p>\n<p>Le Vi\u00eat Nam fait des progr\u00e8s impressionnants dans la r\u00e9alisation de ses objectifs de couverture sanitaire universelle en 2030. En 2023, 91,1 millions de personnes b\u00e9n\u00e9ficieront d&#8217;une assurance maladie, soit 92 % de la population.<sup><a href=\"#1\">[1] <\/a><\/sup>Depuis la mise en place de l&#8217;assurance maladie sociale en 1992, les d\u00e9penses \u00e0 la charge des patients ont consid\u00e9rablement diminu\u00e9, passant de 80 % au milieu des ann\u00e9es 1990 \u00e0 40 % des d\u00e9penses de sant\u00e9 actuelles en 2020[2].<sup><a href=\"#2\">[2] <\/a><\/sup>Ce changement r\u00e9sulte de la loi n\u00b0 25\/2008\/QH12 de 2008 sur l&#8217;assurance maladie, qui a conduit \u00e0 l&#8217;extension du r\u00e9gime obligatoire unique avec des subventions compl\u00e8tes des primes d&#8217;assurance maladie pour la population vuln\u00e9rable et les personnes vivant dans la pauvret\u00e9<sup><a href=\"#3\">[3]<\/a>, <a href=\"#4\">[4]<\/a>,<\/sup> ce qui a consid\u00e9rablement augment\u00e9 la couverture de l&#8217;assurance maladie au sein de la population vietnamienne. Le gouvernement se concentre \u00e9galement sur la protection contre les risques financiers en raison des d\u00e9penses de sant\u00e9 relativement \u00e9lev\u00e9es au Vietnam.<\/p>\n<p>[\/et_pb_text][ba_gradient_heading title=&#8221;R\u00e9forme du financement des soins de sant\u00e9 primaires&#8221; html_tag=&#8221;h3&#8243; primary_color=&#8221;#455A64&#8243; secondary_color=&#8221;#455A64&#8243; admin_label=&#8221;HEADING (50-60 characters)&#8221; _builder_version=&#8221;4.21.0&#8243; _module_preset=&#8221;default&#8221; title_font=&#8221;||||||||&#8221; title_font_size=&#8221;26px&#8221; title_line_height=&#8221;1em&#8221; custom_padding=&#8221;15px||10px||false|false&#8221; global_colors_info=&#8221;{}&#8221;][\/ba_gradient_heading][et_pb_text admin_label=&#8221;TEXT &#8211; BLOCK 2 &#8221; _builder_version=&#8221;4.21.0&#8243; _module_preset=&#8221;default&#8221; custom_padding=&#8221;||1em||false|false&#8221; global_colors_info=&#8221;{}&#8221;]<\/p>\n<p><span style=\"font-weight: 400;\">Les soins de sant\u00e9 primaires sont une priorit\u00e9 pour le gouvernement, qui met l&#8217;accent sur les r\u00e9formes sanitaires visant \u00e0 promouvoir la couverture sanitaire universelle, \u00e0 accro\u00eetre l&#8217;acc\u00e8s aux soins de sant\u00e9 et \u00e0 am\u00e9liorer les services de lutte contre les maladies non transmissibles en raison du vieillissement rapide de la population. \u00c0 partir de la d\u00e9cision du Premier ministre n\u00b0 2348<sup><br \/>\n  <a href=\"#5\">[5]<\/a><br \/>\n<\/sup> en 2016, le plan de d\u00e9veloppement national du Vi\u00eat Nam a encourag\u00e9 les r\u00e9formes sanitaires visant \u00e0 renforcer les soins de sant\u00e9 primaires au niveau des districts et des communaut\u00e9s. La strat\u00e9gie de financement de la sant\u00e9 pour 2016-2025 en tient compte. Dans cette strat\u00e9gie, le financement des soins de sant\u00e9 primaires est privil\u00e9gi\u00e9 par le biais de m\u00e9canismes de paiement avec des allocations budg\u00e9taires accrues pour les soins de sant\u00e9 communautaires dans le cadre de l&#8217;ensemble des prestations d&#8217;assurance maladie. \u00c0 la suite de la r\u00e9solution 20-NQ\/TW de 2017, l&#8217;augmentation des ressources financi\u00e8res allou\u00e9es aux soins de sant\u00e9 primaires provient \u00e0 la fois du gouvernement central et des autorit\u00e9s locales[4].<sup><a href=\"#4\">[4]<\/a><\/sup> Ces r\u00e9formes ont contribu\u00e9 \u00e0 l&#8217;am\u00e9lioration de la qualit\u00e9 des services de soins de sant\u00e9 primaires dans le pays.<\/span><\/p>\n<p>[\/et_pb_text][et_pb_text admin_label=&#8221;TEXT &#8211; BLOCK 9 &#8211; Footnotes&#8221; _builder_version=&#8221;4.21.0&#8243; _module_preset=&#8221;default&#8221; text_font_size=&#8221;13px&#8221; custom_margin=&#8221;20px||||false|false&#8221; custom_padding=&#8221;||||false|false&#8221; global_colors_info=&#8221;{}&#8221;]<\/p>\n<p><strong>R\u00e9f\u00e9rences<\/strong><\/p>\n<p><span style=\"font-weight: 400;\"><span id=\"1\">[1]<\/span> <a href=\"https:\/\/vss.gov.vn\/english\/news\/Pages\/vietnam-social-security.aspx?CateID=198&amp;ItemID=10842\">VSS et l&#8217;Ambassade du Danemark signent un accord de coop\u00e9ration<\/a><\/span><\/p>\n<p><span style=\"font-weight: 400;\"><span id=\"2\">[2]<\/span> <a href=\"https:\/\/apps.who.int\/nha\/database\/ViewData\/Indicators\/en\">Base de donn\u00e9es sur les d\u00e9penses mondiales de sant\u00e9 <\/a> <\/span><\/p>\n<p><span style=\"font-weight: 400;\">[<span id=\"3\">3]<\/span> Le, Q. N., Blizzard, L., Si, L., Giang, L. T. et Neil, A. L. (2020). <a href=\"https:\/\/doi.org\/10.1016\/j.hpopen.2020.100011\">The evolution of social health insurance in Viet Nam and its role towards achieving universal health coverage (L&#8217;\u00e9volution de l&#8217;assurance maladie sociale au Vi\u00eat Nam et son r\u00f4le dans la r\u00e9alisation de la couverture sanitaire universelle)<\/a>. Politique de sant\u00e9 OPEN, 1, 100011.<\/span><\/p>\n<p><span style=\"font-weight: 400;\"><span id=\"4\">[4]<\/span> Somanathan, A, Dao, H. L., Tien, T. V. (2013). <a href=\"http:\/\/localhost:4000\/\/entities\/publication\/e4c4a65e-f2bf-5396-b4c9\" data-wplink-url-error=\"true\">Integrating the Poor into Universal Health Coverage in Viet Nam (Int\u00e9grer les pauvres dans la couverture sanitaire universelle au Viet Nam<\/a>). S\u00e9rie d&#8217;\u00e9tudes UNICO n\u00b0 24. Banque mondiale : Washington DC.  <\/span><\/p>\n<p><span style=\"font-weight: 400;\"><span id=\"5\">[5]<\/span> OMS (2018). <a href=\"https:\/\/apps.who.int\/iris\/bitstream\/handle\/10665\/326257\/WHO-HIS-SDS-2018.36-eng.pdf\">Viet Nam : Am\u00e9liorer l&#8217;\u00e9quit\u00e9 dans l&#8217;acc\u00e8s aux soins primaires<\/a>. Gen\u00e8ve : OMS.<\/span><\/p>\n<p>[\/et_pb_text][\/et_pb_column][\/et_pb_row][\/et_pb_section]<\/p>\n","protected":false},"excerpt":{"rendered":"<p>Le Vi\u00eat Nam fait des progr\u00e8s impressionnants dans la r\u00e9alisation de ses objectifs de couverture sanitaire universelle en 2030. En 2023, 91,1 millions de personnes b\u00e9n\u00e9ficieront d&#8217;une assurance maladie, soit 92 % de la population.[1] Depuis la mise en place de l&#8217;assurance maladie sociale en 1992, les d\u00e9penses \u00e0 la charge des patients ont consid\u00e9rablement&#8230;<\/p>\n","protected":false},"author":1,"featured_media":987573874,"template":"","meta":{"_et_pb_use_builder":"on","_et_pb_old_content":"","_et_gb_content_width":""},"acf":[],"_links":{"self":[{"href":"https:\/\/p4h.world\/fr\/wp-json\/wp\/v2\/country\/987629175"}],"collection":[{"href":"https:\/\/p4h.world\/fr\/wp-json\/wp\/v2\/country"}],"about":[{"href":"https:\/\/p4h.world\/fr\/wp-json\/wp\/v2\/types\/country"}],"author":[{"embeddable":true,"href":"https:\/\/p4h.world\/fr\/wp-json\/wp\/v2\/users\/1"}],"version-history":[{"count":18,"href":"https:\/\/p4h.world\/fr\/wp-json\/wp\/v2\/country\/987629175\/revisions"}],"predecessor-version":[{"id":987792580,"href":"https:\/\/p4h.world\/fr\/wp-json\/wp\/v2\/country\/987629175\/revisions\/987792580"}],"wp:featuredmedia":[{"embeddable":true,"href":"https:\/\/p4h.world\/fr\/wp-json\/wp\/v2\/media\/987573874"}],"wp:attachment":[{"href":"https:\/\/p4h.world\/fr\/wp-json\/wp\/v2\/media?parent=987629175"}],"curies":[{"name":"wp","href":"https:\/\/api.w.org\/{rel}","templated":true}]}}