{"id":987629308,"date":"2023-02-03T08:20:20","date_gmt":"2023-02-03T07:20:20","guid":{"rendered":"https:\/\/p4h.world\/countries\/tunisie\/"},"modified":"2025-03-26T10:16:06","modified_gmt":"2025-03-26T09:16:06","slug":"tunisie","status":"publish","type":"country","link":"https:\/\/p4h.world\/fr\/countries\/tunisie\/","title":{"rendered":"Tunisie"},"content":{"rendered":"<p>[et_pb_section fb_built=&#8221;1&#8243; admin_label=&#8221;!! PLEASE DO NOT EDIT !!!&#8221; _builder_version=&#8221;4.19.5&#8243; _module_preset=&#8221;default&#8221; global_colors_info=&#8221;{}&#8221;][et_pb_row use_custom_gutter=&#8221;on&#8221; gutter_width=&#8221;1&#8243; admin_label=&#8221;! !! NE PAS MODIFIER ! !! &#8221; _builder_version=&#8221;4.20.4&#8243; _module_preset=&#8221;default&#8221; global_colors_info=&#8221;{}&#8221;][et_pb_column type=&#8221;4_4&#8243; _builder_version=&#8221;4.19.5&#8243; _module_preset=&#8221;default&#8221; global_colors_info=&#8221;{}&#8221;][et_pb_text admin_label=&#8221;TEXT &#8211; BLOCK 1&#8243; _builder_version=&#8221;4.21.0&#8243; _module_preset=&#8221;default&#8221; custom_padding=&#8221;||1em||false|false&#8221; global_colors_info=&#8221;{}&#8221;]En Tunisie, l&#8217;indice de couverture des services de la couverture sanitaire universelle (cible 3.8.1 des Objectifs de d\u00e9veloppement durable) a atteint <a href=\"https:\/\/data.who.int\/indicators\/i\/3805B1E\/9A706FD\">67 en 2021<\/a>.<\/p>\n<p>Plus de 80 % de la population a acc\u00e8s \u00e0 l&#8217;assurance maladie par le biais de deux r\u00e9gimes :<\/p>\n<ol>\n<li style=\"padding: 15px 0;\">Un r\u00e9gime de cotisations individuelles obligatoires (Caisse nationale d&#8217;assurance maladie (CNAM)), couvrant les travailleurs du secteur formel et leurs ayants droit \u00e0 travers trois r\u00e9gimes (public, priv\u00e9, remboursements).<\/li>\n<li>Programme non contributif, couvrant les m\u00e9nages en situation de pauvret\u00e9 \u00e0 deux taux, l&#8217;un pour les personnes en situation de pauvret\u00e9 (taux AMG1) et l&#8217;autre pour les personnes en situation de vuln\u00e9rabilit\u00e9 (AMG2, qui est un taux r\u00e9duit) qui sont trait\u00e9es dans les \u00e9tablissements de sant\u00e9 publics.<\/li>\n<\/ol>\n<p>[\/et_pb_text][et_pb_text admin_label=&#8221;TEXT &#8211; BLOCK 2 &#8221; _builder_version=&#8221;4.21.0&#8243; _module_preset=&#8221;default&#8221; custom_padding=&#8221;||1em||false|false&#8221; global_colors_info=&#8221;{}&#8221;]<\/p>\n<p>Cependant, bien que les d\u00e9penses de sant\u00e9 publiques repr\u00e9sentent une part relativement \u00e9lev\u00e9e des d\u00e9penses publiques totales (12 % en 2021), les d\u00e9penses de sant\u00e9 \u00e0 la charge des m\u00e9nages sont relativement \u00e9lev\u00e9es<a href=\"https:\/\/p4h.world\/fr\/ressources\/donnees\/\">(33,7 % des d\u00e9penses de sant\u00e9 actuelles<\/a> en 2021), ce qui entra\u00eene des <a href=\"https:\/\/p4h.world\/fr\/documents\/lequite-dans-le-financement-et-la-prestation-des-soins-de-sante-quen-est-il-de-la-tunisie\/\">in\u00e9galit\u00e9s importantes<\/a> et, dans certains cas, risque de faire tomber les gens dans la pauvret\u00e9 (en 2015 : l&#8217;incidence des d\u00e9penses de sant\u00e9 catastrophiques \u00e0 la charge des m\u00e9nages \u00e9tait de 10 % et les d\u00e9penses de sant\u00e9 appauvrissantes \u00e0 la charge des m\u00e9nages au seuil de pauvret\u00e9 relative de 60 % de la consommation ou du revenu m\u00e9dian \u00e9taient de 14,8 %)[1].<sup><a href=\"#1\">[1]<\/a><\/sup><\/p>\n<p>[\/et_pb_text][ba_gradient_heading title=&#8221;Une vision durable pour parvenir \u00e0 une couverture sanitaire universelle&#8221; html_tag=&#8221;h3&#8243; primary_color=&#8221;#455A64&#8243; secondary_color=&#8221;#455A64&#8243; admin_label=&#8221; HEADING (50-60 characters)&#8221; _builder_version=&#8221;4.21.0&#8243; _module_preset=&#8221;default&#8221; title_font=&#8221;||||||||&#8221; title_font_size=&#8221;26px&#8221; title_line_height=&#8221;1em&#8221; custom_padding=&#8221;||10px||false|false&#8221; global_colors_info=&#8221;{}&#8221;][\/ba_gradient_heading][et_pb_text admin_label=&#8221;TEXT &#8211; BLOCK 3&#8243; _builder_version=&#8221;4.21.0&#8243; _module_preset=&#8221;default&#8221; custom_padding=&#8221;||1em||false|false&#8221; global_colors_info=&#8221;{}&#8221;]<\/p>\n<p>La <a href=\"https:\/\/p4h.world\/fr\/documents\/dialogue-societal-sur-projet-de-politique-nationale-de-sante\/\">politique nationale de sant\u00e9 tunisienne (PNS)<\/a>, adopt\u00e9e par le gouvernement en 2021, est bas\u00e9e sur une vision 2030 de la sant\u00e9 publique universelle. La PNS a \u00e9t\u00e9 \u00e9labor\u00e9e dans le cadre de la deuxi\u00e8me phase du dialogue sur les politiques, strat\u00e9gies et plans nationaux de sant\u00e9, selon un processus participatif et inclusif. La SNP vise \u00e0 am\u00e9liorer l&#8217;acc\u00e8s \u00e0 des services de sant\u00e9 \u00e9quitables par le d\u00e9veloppement d&#8217;un paquet de services essentiels disponibles et adapt\u00e9s aux besoins de chaque personne au cours de sa vie, en plus de la cr\u00e9ation d&#8217;un r\u00e9gime de couverture de base unifi\u00e9.  <\/p>\n<p>[\/et_pb_text][ba_gradient_heading title=&#8221;Relever les d\u00e9fis de la couverture sanitaire universelle et du financement de la sant\u00e9&#8221; html_tag=&#8221;h3&#8243; primary_color=&#8221;#455A64&#8243; secondary_color=&#8221;#455A64&#8243; admin_label=&#8221; HEADING (50-60 characters)&#8221; _builder_version=&#8221;4.21.0&#8243; _module_preset=&#8221;default&#8221; title_font=&#8221;||||||||&#8221; title_font_size=&#8221;26px&#8221; title_line_height=&#8221;1em&#8221; custom_padding=&#8221;||10px||false|false&#8221; global_colors_info=&#8221;{}&#8221;][\/ba_gradient_heading][et_pb_text admin_label=&#8221;TEXT &#8211; BLOCK 4 &#8221; _builder_version=&#8221;4.21.0&#8243; _module_preset=&#8221;default&#8221; custom_padding=&#8221;||1em||false|false&#8221; global_colors_info=&#8221;{}&#8221;]<\/p>\n<p>L&#8217;Organisation mondiale de la sant\u00e9 (OMS) <a href=\"https:\/\/p4h.world\/fr\/collaboration-partenariale-dans-le-domaine-du-financement-de-la-sante-et-de-la-protection-sociale-de-la-sante-pour-la-sante-publique-universelle\/\">travaille en \u00e9troite collaboration avec d&#8217;autres partenaires<\/a> pour aborder la question de la sant\u00e9 universelle et du financement de la sant\u00e9 sous l&#8217;\u00e9gide du Groupe des partenaires pour la sant\u00e9 (HPG), dont l&#8217;OMS assure la pr\u00e9sidence. Le groupe de travail du HPG sur le financement de la sant\u00e9 et la protection sociale a \u00e9t\u00e9 cr\u00e9\u00e9 pour am\u00e9liorer la coordination et le partage d&#8217;informations et pour explorer le d\u00e9veloppement d&#8217;un programme strat\u00e9gique avec des activit\u00e9s conjointes entre les partenaires qui soutiennent le gouvernement tunisien dans la conception, la mise en \u0153uvre et le suivi des politiques et des m\u00e9canismes de financement de la sant\u00e9 et de protection sociale. Les activit\u00e9s pr\u00e9vues et en cours se concentrent sur la r\u00e9vision du paquet de prestations (Agence fran\u00e7aise de d\u00e9veloppement), l&#8217;analyse de l&#8217;efficacit\u00e9 des \u00e9tablissements de sant\u00e9 (Union europ\u00e9enne), les allocations familiales (Fonds des Nations unies pour l&#8217;enfance) et le financement des m\u00e9dicaments (OMS et Groupe de la Banque mondiale).  <\/p>\n<p>[\/et_pb_text][ba_gradient_heading title=&#8221;Options strat\u00e9giques pour la Tunisie&#8221; html_tag=&#8221;h3&#8243; primary_color=&#8221;#455A64&#8243; secondary_color=&#8221;#455A64&#8243; admin_label=&#8221; HEADING (50-60 characters)&#8221; _builder_version=&#8221;4.21.0&#8243; _module_preset=&#8221;default&#8221; title_font=&#8221;||||||||&#8221; title_font_size=&#8221;26px&#8221; title_line_height=&#8221;1em&#8221; custom_padding=&#8221;||10px||false|false&#8221; global_colors_info=&#8221;{}&#8221;][\/ba_gradient_heading][et_pb_text admin_label=&#8221;TEXT &#8211; BLOCK 5&#8243; _builder_version=&#8221;4.21.0&#8243; _module_preset=&#8221;default&#8221; custom_padding=&#8221;||1em||false|false&#8221; hover_enabled=&#8221;0&#8243; global_colors_info=&#8221;{}&#8221; sticky_enabled=&#8221;0&#8243;]<\/p>\n<p>La <a href=\"https:\/\/p4h.world\/fr\/documents\/dialogue-societal-sur-projet-de-politique-nationale-de-sante\/\">Politique Nationale de Sant\u00e9 (PNS)<\/a> indique que pour progresser vers la CMU (voir page 6), l&#8217;objectif est de placer strat\u00e9giquement le citoyen au centre des pr\u00e9occupations des institutions et des professionnels de sant\u00e9.<br \/>&#8220;Pour y parvenir&#8221;, poursuit la PNS en page 15, &#8220;nous devons faire du syst\u00e8me local de sant\u00e9 familiale la cheville ouvri\u00e8re du syst\u00e8me de sant\u00e9 et garantir \u00e0 tous l&#8217;acc\u00e8s \u00e0 un ensemble abordable de services essentiels de qualit\u00e9, centr\u00e9s sur la personne&#8221;.<\/p>\n<p>[\/et_pb_text][et_pb_text admin_label=&#8221;TEXT &#8211; BLOCK 9 &#8211; Footnotes&#8221; _builder_version=&#8221;4.21.0&#8243; _module_preset=&#8221;default&#8221; text_font_size=&#8221;13px&#8221; custom_margin=&#8221;20px||||false|false&#8221; custom_padding=&#8221;||||false|false&#8221; custom_css_main_element=&#8221;a{color:#4c7e96 }&#8221; global_colors_info=&#8221;{}&#8221;]<strong>R\u00e9f\u00e9rences<\/strong><\/p>\n<p><span style=\"font-weight: 400;\">[<span id=\"1\">1]<\/span> Organisation mondiale de la sant\u00e9, <a href=\"https:\/\/www.who.int\/publications\/i\/item\/9789240080379\">Tracking Universal Health Coverage : 2023 Global monitoring report (en anglais)<\/a><\/span>[\/et_pb_text][\/et_pb_column][\/et_pb_row][\/et_pb_section]<\/p>\n","protected":false},"excerpt":{"rendered":"<p>En Tunisie, l&#8217;indice de couverture des services de la couverture sanitaire universelle (cible 3.8.1 des Objectifs de d\u00e9veloppement durable) a atteint 67 en 2021. Plus de 80 % de la population a acc\u00e8s \u00e0 l&#8217;assurance maladie par le biais de deux r\u00e9gimes : Un r\u00e9gime de cotisations individuelles obligatoires (Caisse nationale d&#8217;assurance maladie (CNAM)), couvrant&#8230;<\/p>\n","protected":false},"author":1,"featured_media":987718285,"template":"","meta":{"_et_pb_use_builder":"on","_et_pb_old_content":"","_et_gb_content_width":""},"acf":[],"_links":{"self":[{"href":"https:\/\/p4h.world\/fr\/wp-json\/wp\/v2\/country\/987629308"}],"collection":[{"href":"https:\/\/p4h.world\/fr\/wp-json\/wp\/v2\/country"}],"about":[{"href":"https:\/\/p4h.world\/fr\/wp-json\/wp\/v2\/types\/country"}],"author":[{"embeddable":true,"href":"https:\/\/p4h.world\/fr\/wp-json\/wp\/v2\/users\/1"}],"version-history":[{"count":19,"href":"https:\/\/p4h.world\/fr\/wp-json\/wp\/v2\/country\/987629308\/revisions"}],"predecessor-version":[{"id":987764552,"href":"https:\/\/p4h.world\/fr\/wp-json\/wp\/v2\/country\/987629308\/revisions\/987764552"}],"wp:featuredmedia":[{"embeddable":true,"href":"https:\/\/p4h.world\/fr\/wp-json\/wp\/v2\/media\/987718285"}],"wp:attachment":[{"href":"https:\/\/p4h.world\/fr\/wp-json\/wp\/v2\/media?parent=987629308"}],"curies":[{"name":"wp","href":"https:\/\/api.w.org\/{rel}","templated":true}]}}