{"id":987631507,"date":"2023-02-03T08:18:38","date_gmt":"2023-02-03T07:18:38","guid":{"rendered":"https:\/\/p4h.world\/countries\/croatie\/"},"modified":"2024-07-12T21:15:17","modified_gmt":"2024-07-12T20:15:17","slug":"croatie","status":"publish","type":"country","link":"https:\/\/p4h.world\/fr\/countries\/croatie\/","title":{"rendered":"Croatie"},"content":{"rendered":"<p>[et_pb_section fb_built=&#8221;1&#8243; admin_label=&#8221;!! PLEASE DO NOT EDIT !!!&#8221; _builder_version=&#8221;4.19.5&#8243; _module_preset=&#8221;default&#8221; global_colors_info=&#8221;{}&#8221;][et_pb_row use_custom_gutter=&#8221;on&#8221; gutter_width=&#8221;1&#8243; admin_label=&#8221;! !! NE PAS MODIFIER ! !! &#8221; _builder_version=&#8221;4.20.4&#8243; _module_preset=&#8221;default&#8221; global_colors_info=&#8221;{}&#8221;][et_pb_column type=&#8221;4_4&#8243; _builder_version=&#8221;4.19.5&#8243; _module_preset=&#8221;default&#8221; global_colors_info=&#8221;{}&#8221;][et_pb_text admin_label=&#8221;TEXT &#8211; BLOCK 2 &#8221; _builder_version=&#8221;4.21.0&#8243; _module_preset=&#8221;default&#8221; custom_padding=&#8221;||||false|false&#8221; global_colors_info=&#8221;{}&#8221;]<\/p>\n<p><span style=\"font-weight: 400;\">La Croatie est un pays \u00e0 revenu \u00e9lev\u00e9 du sud-est de l&#8217;Europe, bord\u00e9 par la Slov\u00e9nie, la Hongrie, la Serbie, la Bosnie-Herz\u00e9govine et la c\u00f4te est de la mer Adriatique. En 2022, les <\/span><a href=\"https:\/\/p4h.world\/fr\/countries\/croatie\/\"><span style=\"font-weight: 400;\">\u00e9tait de 4 millions d&#8217;habitants<\/span><\/a><span style=\"font-weight: 400;\"> et, comme l&#8217;indique le document <\/span><a href=\"https:\/\/eurohealthobservatory.who.int\/publications\/m\/croatia-country-health-profile-2023\"><span style=\"font-weight: 400;\">Croatie : Profil de sant\u00e9 du pays 2023<\/span><\/a><span style=\"font-weight: 400;\">,<\/span> <a href=\"https:\/\/eurohealthobservatory.who.int\/publications\/m\/croatia-country-health-profile-2023\"><span style=\"font-weight: 400;\">l&#8217;esp\u00e9rance de vie \u00e9tait de 77,7 ans<\/span><\/a><span style=\"font-weight: 400;\">.<\/span><span style=\"font-weight: 400;\"> <\/span><\/p>\n<p>[\/et_pb_text][et_pb_text admin_label=&#8221;TEXT &#8211; BLOCK 3&#8243; _builder_version=&#8221;4.21.0&#8243; _module_preset=&#8221;default&#8221; custom_padding=&#8221;||||false|false&#8221; global_colors_info=&#8221;{}&#8221;]<\/p>\n<p><span style=\"font-weight: 400;\">L&#8217;extrait suivant de <\/span><a href=\"https:\/\/eurohealthobservatory.who.int\/publications\/m\/croatia-country-health-profile-2023\"><span style=\"font-weight: 400;\">Croatie : Profil de sant\u00e9 du pays 2023<\/span><\/a><span style=\"font-weight: 400;\">publi\u00e9 par l&#8217;Observatoire europ\u00e9en des syst\u00e8mes et des politiques de sant\u00e9, r\u00e9sume le syst\u00e8me de sant\u00e9 de la Croatie.<\/span><\/p>\n<p>[\/et_pb_text][ba_gradient_heading title=&#8221;%91L&#039;organisation du syst\u00e8me de sant\u00e9 et les d\u00e9penses de sant\u00e9%93 &#8221; html_tag=&#8221;h3&#8243; primary_color=&#8221;#455A64&#8243; secondary_color=&#8221;#455A64&#8243; admin_label=&#8221; HEADING (50-60 characters)&#8221; _builder_version=&#8221;4.21.0&#8243; _module_preset=&#8221;default&#8221; title_font=&#8221;||||||||&#8221; title_font_size=&#8221;26px&#8221; title_line_height=&#8221;1em&#8221; custom_padding=&#8221;||10px||false|false&#8221; global_colors_info=&#8221;{}&#8221;][\/ba_gradient_heading][et_pb_text admin_label=&#8221;TEXT &#8211; BLOCK 4 &#8221; _builder_version=&#8221;4.21.0&#8243; _module_preset=&#8221;default&#8221; custom_padding=&#8221;||||false|false&#8221; global_colors_info=&#8221;{}&#8221;]<\/p>\n<blockquote>\n<p><span style=\"font-weight: 400;\">Dans le syst\u00e8me d&#8217;assurance maladie obligatoire de la Croatie, le Fonds croate d&#8217;assurance maladie (CHIF) est le seul assureur et le principal acheteur de services de sant\u00e9. Il propose \u00e9galement une assurance compl\u00e9mentaire pour couvrir les frais de sant\u00e9 sur une base volontaire. Plus de 60 % de la population b\u00e9n\u00e9ficie de cette assurance maladie volontaire (VHI), qui est \u00e9galement souscrite aupr\u00e8s d&#8217;assureurs priv\u00e9s. Le minist\u00e8re de la sant\u00e9 est responsable de la gestion du syst\u00e8me de sant\u00e9, de l&#8217;\u00e9laboration, de la planification et de l&#8217;\u00e9valuation de la politique de sant\u00e9, de la sant\u00e9 publique, des normes r\u00e9glementaires et de la formation des professionnels de la sant\u00e9. &#8230;<\/span><\/p>\n<\/blockquote>\n<p>[\/et_pb_text][et_pb_text admin_label=&#8221;TEXT &#8211; BLOCK 5&#8243; _builder_version=&#8221;4.21.0&#8243; _module_preset=&#8221;default&#8221; custom_padding=&#8221;||||false|false&#8221; global_colors_info=&#8221;{}&#8221;]<\/p>\n<blockquote>\n<p><span style=\"font-weight: 400;\">La plupart des prestataires de soins de sant\u00e9 (en particulier dans le domaine des soins secondaires et tertiaires) restent sous contr\u00f4le public, mais le nombre de prestataires priv\u00e9s, en particulier dans le domaine des soins primaires, est en augmentation.<\/span><\/p>\n<\/blockquote>\n<p>[\/et_pb_text][et_pb_text admin_label=&#8221;TEXT &#8211; BLOCK 6&#8243; _builder_version=&#8221;4.21.0&#8243; _module_preset=&#8221;default&#8221; custom_padding=&#8221;||||false|false&#8221; hover_enabled=&#8221;0&#8243; global_colors_info=&#8221;{}&#8221; sticky_enabled=&#8221;0&#8243;]<\/p>\n<blockquote>\n<p><span style=\"font-weight: 400;\">Les d\u00e9penses de sant\u00e9 en pourcentage du PIB \u00e9taient de 8,1 % en 2021, contre une moyenne de 11,0 % pour l&#8217;UE ( [European Union] ). &#8230; [E]n termes de d\u00e9penses par habitant, la Croatie d\u00e9pense moins pour la sant\u00e9 que la plupart des autres pays de l&#8217;UE, atteignant 1 787 euros par habitant (corrig\u00e9 des diff\u00e9rences de pouvoir d&#8217;achat) en 2021. <\/span><\/p>\n<\/blockquote>\n<p>[\/et_pb_text][et_pb_text admin_label=&#8221;TEXT &#8211; BLOCK 7&#8243; _builder_version=&#8221;4.21.0&#8243; _module_preset=&#8221;default&#8221; custom_padding=&#8221;||||false|false&#8221; global_colors_info=&#8221;{}&#8221;]<\/p>\n<blockquote>\n<p><span style=\"font-weight: 400;\">La Croatie consacre une part plus importante des fonds publics \u00e0 la sant\u00e9 que la plupart des pays ayant des niveaux de d\u00e9penses comparables, soit 85,5 % en 2021. Les paiements directs ne repr\u00e9sentent que 9 % des d\u00e9penses de sant\u00e9, ce qui est nettement inf\u00e9rieur \u00e0 la moyenne de l&#8217;UE (15 %), tandis que la part de l&#8217;assurance maladie volontaire dans les d\u00e9penses de sant\u00e9 (5,1 % en 2021) est l\u00e9g\u00e8rement sup\u00e9rieure \u00e0 la moyenne de l&#8217;UE (4,4 %).<\/span><\/p>\n<\/blockquote>\n<p>[\/et_pb_text][et_pb_text admin_label=&#8221;TEXT &#8211; BLOCK 8&#8243; _builder_version=&#8221;4.21.0&#8243; _module_preset=&#8221;default&#8221; custom_padding=&#8221;||||false|false&#8221; global_colors_info=&#8221;{}&#8221;]<\/p>\n<blockquote>\n<p><span style=\"font-weight: 400;\">Les produits pharmaceutiques repr\u00e9sentent un tiers (33 %) des d\u00e9penses de consommation courante en Croatie, contre 24 % dans l&#8217;ensemble de l&#8217;UE, et les soins dentaires 28 %, soit beaucoup plus que la moyenne de l&#8217;UE (10 %).<\/span><\/p>\n<\/blockquote>\n<p>[\/et_pb_text][ba_gradient_heading title=&#8221;Programme d&#039;avantages sociaux &#8221; html_tag=&#8221;h3&#8243; primary_color=&#8221;#455A64&#8243; secondary_color=&#8221;#455A64&#8243; admin_label=&#8221; HEADING (50-60 characters)&#8221; _builder_version=&#8221;4.21.0&#8243; _module_preset=&#8221;default&#8221; title_font=&#8221;||||||||&#8221; title_font_size=&#8221;26px&#8221; title_line_height=&#8221;1em&#8221; custom_padding=&#8221;||10px||false|false&#8221; global_colors_info=&#8221;{}&#8221;][\/ba_gradient_heading][et_pb_text admin_label=&#8221;TEXT &#8211; BLOCK 9&#8243; _builder_version=&#8221;4.21.0&#8243; _module_preset=&#8221;default&#8221; custom_padding=&#8221;||||false|false&#8221; global_colors_info=&#8221;{}&#8221;]<\/p>\n<p><span style=\"font-weight: 400;\">&#8220;Un large \u00e9ventail de services de sant\u00e9 est financ\u00e9 par l&#8217;\u00c9tat et la part publique des d\u00e9penses de sant\u00e9 est relativement \u00e9lev\u00e9e. Le rapport indique \u00e9galement que les services de sant\u00e9 sont sp\u00e9cifi\u00e9s dans une liste n\u00e9gative et une liste positive, et qualifie les listes comme suit :<\/span><\/p>\n<p>[\/et_pb_text][et_pb_text admin_label=&#8221;TEXT &#8211; BLOCK 9&#8243; _builder_version=&#8221;4.21.0&#8243; _module_preset=&#8221;default&#8221; custom_padding=&#8221;||||false|false&#8221; global_colors_info=&#8221;{}&#8221;]<\/p>\n<ul>\n<li style=\"font-weight: 400;\" aria-level=\"1\"><span style=\"font-weight: 400;\">La liste n\u00e9gative pr\u00e9cise les services qui ne sont pas couverts, comme la chirurgie esth\u00e9tique, tandis que la liste positive pr\u00e9cise les services, y compris les produits pharmaceutiques, qui sont soit enti\u00e8rement couverts par le syst\u00e8me d&#8217;assurance maladie obligatoire, soit soumis \u00e0 une participation aux frais. <\/span><\/li>\n<li style=\"font-weight: 400;\" aria-level=\"1\"><span style=\"font-weight: 400;\">Les produits pharmaceutiques ambulatoires qui ne figurent pas sur la liste positive doivent \u00eatre achet\u00e9s par les patients au prix fort.<\/span><\/li>\n<li style=\"font-weight: 400;\" aria-level=\"1\"><span style=\"font-weight: 400;\">Des quotes-parts sont demand\u00e9es pour les journ\u00e9es d&#8217;hospitalisation et les visites chez les m\u00e9decins de premier recours. Toutefois, la participation aux co\u00fbts est plafonn\u00e9e \u00e0 530 euros par \u00e9pisode de maladie dans les soins secondaires ou tertiaires, et les produits pharmaceutiques fournis dans les h\u00f4pitaux sont gratuits. Il existe \u00e9galement des exemptions de ticket mod\u00e9rateur pour les groupes de population vuln\u00e9rables (comme les enfants, les \u00e9tudiants, les personnes handicap\u00e9es et les personnes \u00e0 faible revenu) et les personnes recevant un traitement pour certaines pathologies (comme les soins pr\u00e9nataux, le cancer, les maladies infectieuses et les maladies psychiatriques chroniques).  <\/span><\/li>\n<\/ul>\n<p>[\/et_pb_text][ba_gradient_heading title=&#8221;%91Les derni\u00e8res r\u00e9formes%93&#8243; html_tag=&#8221;h3&#8243; primary_color=&#8221;#455A64&#8243; secondary_color=&#8221;#455A64&#8243; admin_label=&#8221; HEADING (50-60 characters)&#8221; _builder_version=&#8221;4.21.0&#8243; _module_preset=&#8221;default&#8221; title_font=&#8221;||||||||&#8221; title_font_size=&#8221;26px&#8221; title_line_height=&#8221;1em&#8221; custom_padding=&#8221;||10px||false|false&#8221; global_colors_info=&#8221;{}&#8221;][\/ba_gradient_heading][et_pb_text admin_label=&#8221;TEXT &#8211; BLOCK 9&#8243; _builder_version=&#8221;4.21.0&#8243; _module_preset=&#8221;default&#8221; custom_padding=&#8221;||||false|false&#8221; global_colors_info=&#8221;{}&#8221;]<\/p>\n<blockquote>\n<p><span style=\"font-weight: 400;\">Le plan national de d\u00e9veloppement de la sant\u00e9 pour 2021-27 et les modifications apport\u00e9es \u00e0 la loi sur les soins de sant\u00e9 en mars 2023 ont introduit les concepts de soins int\u00e9gr\u00e9s, de &#8220;patient complexe&#8221; (souffrant de multimorbidit\u00e9s), de &#8220;mod\u00e8le de soins 24\/7\/365&#8243; (se r\u00e9f\u00e9rant \u00e0 la fourniture de soins complets, continus et coordonn\u00e9s dans diff\u00e9rents environnements et par diff\u00e9rents prestataires de soins) et de concept d'&#8221;h\u00f4pital sans murs&#8221; (se r\u00e9f\u00e9rant \u00e0 la fourniture, \u00e0 la gestion et au suivi des soins, quel que soit l&#8217;environnement de soins de sant\u00e9). Les amendements visent \u00e9galement \u00e0 renforcer les soins primaires en \u00e9largissant le r\u00f4le des centres de sant\u00e9, notamment en am\u00e9liorant la coordination avec les soins de longue dur\u00e9e et la fourniture de soins ambulatoires sp\u00e9cialis\u00e9s.  <\/span><\/p>\n<\/blockquote>\n<p>[\/et_pb_text][et_pb_text admin_label=&#8221;TEXT &#8211; BLOCK 9&#8243; _builder_version=&#8221;4.21.0&#8243; _module_preset=&#8221;default&#8221; custom_padding=&#8221;||||false|false&#8221; global_colors_info=&#8221;{}&#8221;]<\/p>\n<blockquote>\n<p><span style=\"font-weight: 400;\">En mars 2023, les dossiers m\u00e9dicaux \u00e9lectroniques ont \u00e9t\u00e9 introduits dans tous les h\u00f4pitaux&#8230; La transformation num\u00e9rique du syst\u00e8me de sant\u00e9 croate est l&#8217;un des \u00e9l\u00e9ments du plan national de redressement et de r\u00e9silience pour 2021-26.<\/span><\/p>\n<\/blockquote>\n<p>[\/et_pb_text][et_pb_text admin_label=&#8221;TEXT &#8211; BLOCK 9&#8243; _builder_version=&#8221;4.21.0&#8243; _module_preset=&#8221;default&#8221; custom_padding=&#8221;||||false|false&#8221; global_colors_info=&#8221;{}&#8221;]<\/p>\n<blockquote>\n<p><span style=\"font-weight: 400;\">Avant la pand\u00e9mie, la Croatie avait mis en place un syst\u00e8me national d&#8217;information sur la sant\u00e9, avec des donn\u00e9es en temps r\u00e9el provenant de la quasi-totalit\u00e9 des prestataires de soins de sant\u00e9.  <\/span><\/p>\n<\/blockquote>\n<p>[\/et_pb_text][\/et_pb_column][\/et_pb_row][\/et_pb_section]<\/p>\n","protected":false},"excerpt":{"rendered":"<p>La Croatie est un pays \u00e0 revenu \u00e9lev\u00e9 du sud-est de l&#8217;Europe, bord\u00e9 par la Slov\u00e9nie, la Hongrie, la Serbie, la Bosnie-Herz\u00e9govine et la c\u00f4te est de la mer Adriatique. En 2022, les \u00e9tait de 4 millions d&#8217;habitants et, comme l&#8217;indique le document Croatie : Profil de sant\u00e9 du pays 2023, l&#8217;esp\u00e9rance de vie \u00e9tait&#8230;<\/p>\n","protected":false},"author":1,"featured_media":987536670,"template":"","meta":{"_et_pb_use_builder":"on","_et_pb_old_content":"","_et_gb_content_width":""},"acf":[],"_links":{"self":[{"href":"https:\/\/p4h.world\/fr\/wp-json\/wp\/v2\/country\/987631507"}],"collection":[{"href":"https:\/\/p4h.world\/fr\/wp-json\/wp\/v2\/country"}],"about":[{"href":"https:\/\/p4h.world\/fr\/wp-json\/wp\/v2\/types\/country"}],"author":[{"embeddable":true,"href":"https:\/\/p4h.world\/fr\/wp-json\/wp\/v2\/users\/1"}],"version-history":[{"count":6,"href":"https:\/\/p4h.world\/fr\/wp-json\/wp\/v2\/country\/987631507\/revisions"}],"predecessor-version":[{"id":987707817,"href":"https:\/\/p4h.world\/fr\/wp-json\/wp\/v2\/country\/987631507\/revisions\/987707817"}],"wp:featuredmedia":[{"embeddable":true,"href":"https:\/\/p4h.world\/fr\/wp-json\/wp\/v2\/media\/987536670"}],"wp:attachment":[{"href":"https:\/\/p4h.world\/fr\/wp-json\/wp\/v2\/media?parent=987631507"}],"curies":[{"name":"wp","href":"https:\/\/api.w.org\/{rel}","templated":true}]}}