{"id":987650972,"date":"2023-06-02T10:58:34","date_gmt":"2023-06-02T09:58:34","guid":{"rendered":"https:\/\/p4h.world\/documents\/comment-lexpansion-de-lassurance-maladie-publique-affecte-t-elle-lutilisation-des-soins-de-sante-dans-les-menages-a-revenus-moyens-et-faibles-une-etude-observationnelle-a-partir-denquetes\/"},"modified":"2023-10-03T11:48:56","modified_gmt":"2023-10-03T10:48:56","slug":"comment-lexpansion-de-lassurance-maladie-publique-affecte-t-elle-lutilisation-des-soins-de-sante-dans-les-menages-a-revenus-moyens-et-faibles-une-etude-observationnelle-a-partir-denquetes","status":"publish","type":"documents","link":"https:\/\/p4h.world\/fr\/documents\/comment-lexpansion-de-lassurance-maladie-publique-affecte-t-elle-lutilisation-des-soins-de-sante-dans-les-menages-a-revenus-moyens-et-faibles-une-etude-observationnelle-a-partir-denquetes\/","title":{"rendered":"Comment l&#8217;expansion de l&#8217;assurance maladie publique affecte-t-elle l&#8217;utilisation des soins de sant\u00e9 dans les m\u00e9nages \u00e0 revenus moyens et faibles ? : une \u00e9tude observationnelle \u00e0 partir d&#8217;enqu\u00eates transversales nationales au Vietnam"},"content":{"rendered":"<p><strong>Cet article, publi\u00e9 initialement dans BMC Public Health, vise \u00e0 examiner les effets de l&#8217;assurance maladie publique obligatoire instaur\u00e9e par l&#8217;amendement de la loi sur l&#8217;inscription, l&#8217;utilisation des soins de sant\u00e9 et les d\u00e9penses personnelles des m\u00e9nages \u00e0 revenus moyens et faibles pendant la p\u00e9riode de transition au Vi\u00eat Nam.<\/strong><\/p>\n<p>Depuis les ann\u00e9es 1990, le Vi\u00eat Nam a progressivement \u00e9tendu la protection sociale de la sant\u00e9 par le biais de l&#8217;assurance maladie publique (PHI). Toutefois, l&#8217;affiliation \u00e0 l&#8217;assurance maladie publique peut \u00eatre obligatoire ou volontaire, en fonction de la situation professionnelle. Le r\u00e9gime obligatoire ne couvre que les personnes ayant un emploi formel. Dans le m\u00eame temps, les populations pauvres et vuln\u00e9rables b\u00e9n\u00e9ficient de l&#8217;int\u00e9gralit\u00e9 des primes subventionn\u00e9es par le gouvernement. Un r\u00e9gime volontaire est appliqu\u00e9 pour l&#8217;emploi informel, y compris pour les personnes \u00e0 charge. Ainsi, 30 % des personnes non assur\u00e9es restantes appartenaient au secteur informel en 2014.<\/p>\n<p>Ce changement important a \u00e9t\u00e9 apport\u00e9 par la modification de la loi sur l&#8217;assurance maladie en 2014. \u00c0 la suite de cette modification, l&#8217;ASP est obligatoire pour l&#8217;ensemble de la population vietnamienne \u00e0 partir de janvier 2015. Il est important de noter que l&#8217;augmentation des primes et de la couverture m\u00e9dicale est adopt\u00e9e pour inciter \u00e0 l&#8217;adh\u00e9sion, tandis que les employeurs sont tenus de payer les primes de leurs employ\u00e9s. Pendant une p\u00e9riode de tol\u00e9rance, il n&#8217;y a pas de p\u00e9nalit\u00e9 personnelle pour ceux qui ne sont pas inscrits \u00e0 l&#8217;ASP.<\/p>\n<p>Les r\u00e9sultats ont montr\u00e9 que l&#8217;extension de la couverture de l&#8217;assurance maladie obligatoire par l&#8217;augmentation des subventions aux primes et de la couverture m\u00e9dicale a conduit \u00e0 une augmentation significative de l&#8217;adh\u00e9sion \u00e0 l&#8217;assurance maladie et de l&#8217;utilisation des soins de sant\u00e9 parmi les groupes \u00e0 revenus moyens et faibles. Cependant, il n&#8217;a pas r\u00e9duit de mani\u00e8re significative le montant des frais \u00e0 la charge des patients dans ces groupes. Par cons\u00e9quent, l&#8217;am\u00e9lioration de l&#8217;adh\u00e9sion aux ASP et la protection contre les risques financiers restent des d\u00e9fis pour les ASP au Vi\u00eat Nam.  <a href=\"https:\/\/bmcpublichealth.biomedcentral.com\/articles\/10.1186\/s12889-023-15500-6\">En savoir plus<\/a><\/p>\n","protected":false},"excerpt":{"rendered":"<p>Cet article, publi\u00e9 initialement dans BMC Public Health, vise \u00e0 examiner les effets de l&#8217;assurance maladie publique obligatoire instaur\u00e9e par l&#8217;amendement de la loi sur l&#8217;inscription, l&#8217;utilisation des soins de sant\u00e9 et les d\u00e9penses personnelles des m\u00e9nages \u00e0 revenus moyens et faibles pendant la p\u00e9riode de transition au Vi\u00eat Nam. Depuis les ann\u00e9es 1990, le&#8230;<\/p>\n","protected":false},"author":265,"featured_media":0,"comment_status":"closed","ping_status":"closed","template":"","meta":{"_et_pb_use_builder":"","_et_pb_old_content":"","_et_gb_content_width":""},"categories":[],"tags":[2454,2632],"document_type":[2672],"acf":[],"_links":{"self":[{"href":"https:\/\/p4h.world\/fr\/wp-json\/wp\/v2\/documents\/987650972"}],"collection":[{"href":"https:\/\/p4h.world\/fr\/wp-json\/wp\/v2\/documents"}],"about":[{"href":"https:\/\/p4h.world\/fr\/wp-json\/wp\/v2\/types\/documents"}],"author":[{"embeddable":true,"href":"https:\/\/p4h.world\/fr\/wp-json\/wp\/v2\/users\/265"}],"replies":[{"embeddable":true,"href":"https:\/\/p4h.world\/fr\/wp-json\/wp\/v2\/comments?post=987650972"}],"version-history":[{"count":1,"href":"https:\/\/p4h.world\/fr\/wp-json\/wp\/v2\/documents\/987650972\/revisions"}],"predecessor-version":[{"id":987650980,"href":"https:\/\/p4h.world\/fr\/wp-json\/wp\/v2\/documents\/987650972\/revisions\/987650980"}],"wp:attachment":[{"href":"https:\/\/p4h.world\/fr\/wp-json\/wp\/v2\/media?parent=987650972"}],"wp:term":[{"taxonomy":"category","embeddable":true,"href":"https:\/\/p4h.world\/fr\/wp-json\/wp\/v2\/categories?post=987650972"},{"taxonomy":"post_tag","embeddable":true,"href":"https:\/\/p4h.world\/fr\/wp-json\/wp\/v2\/tags?post=987650972"},{"taxonomy":"document_type","embeddable":true,"href":"https:\/\/p4h.world\/fr\/wp-json\/wp\/v2\/document_type?post=987650972"}],"curies":[{"name":"wp","href":"https:\/\/api.w.org\/{rel}","templated":true}]}}