{"id":987737973,"date":"2024-12-18T21:39:36","date_gmt":"2024-12-18T20:39:36","guid":{"rendered":"https:\/\/p4h.world\/?post_type=documents&#038;p=987737973"},"modified":"2024-12-19T18:18:33","modified_gmt":"2024-12-19T17:18:33","slug":"loms-et-le-ministere-de-la-sante-de-macedoine-du-nord-ont-evalue-les-obstacles-aux-soins-dans-les-zones-rurales","status":"publish","type":"documents","link":"https:\/\/p4h.world\/fr\/documents\/loms-et-le-ministere-de-la-sante-de-macedoine-du-nord-ont-evalue-les-obstacles-aux-soins-dans-les-zones-rurales\/","title":{"rendered":"L&#8217;OMS et le minist\u00e8re de la sant\u00e9 de Mac\u00e9doine du Nord ont \u00e9valu\u00e9 les obstacles aux soins dans les zones rurales."},"content":{"rendered":"<p>[et_pb_section fb_built=&#8221;1&#8243; admin_label=&#8221;!!! PLEASE DO NOT EDIT !!!&#8221; _builder_version=&#8221;4.16&#8243; global_colors_info=&#8221;{}&#8221;][et_pb_row admin_label=&#8221;! !! N&#039;\u00c9DITEZ PAS ! !! &#8221; _builder_version=&#8221;4.16&#8243; background_size=&#8221;initial&#8221; background_position=&#8221;top_left&#8221; background_repeat=&#8221;repeat&#8221; global_colors_info=&#8221;{}&#8221;][et_pb_column type=&#8221;4_4&#8243; _builder_version=&#8221;4.16&#8243; custom_padding=&#8221;|||&#8221; global_colors_info=&#8221;{}&#8221; custom_padding__hover=&#8221;|||&#8221;][et_pb_text admin_label=&#8221;TO BE EDITED &#8211; TEXT &#8211; Click on the WHEEL icon to open the text-area where you can type your text. Add a paragraph to introduce the Document&#8221; _builder_version=&#8221;4.21.0&#8243; _module_preset=&#8221;default&#8221; global_colors_info=&#8221;{}&#8221;]<\/p>\n<p>L&#8217;OMS et le minist\u00e8re de la sant\u00e9 de Mac\u00e9doine du Nord <a href=\"https:\/\/www.who.int\/europe\/publications\/i\/item\/9789289060950\">ont publi\u00e9 un rapport<\/a> qui \u00e9value les obstacles aux soins en Mac\u00e9doine du Nord, en se concentrant sur les zones rurales et les petits \u00e9tablissements urbains.<\/p>\n<p>Dans l&#8217;aper\u00e7u du rapport, l&#8217;OMS a d\u00e9clar\u00e9 :<\/p>\n<blockquote>\n<div>Cette \u00e9tude, men\u00e9e en Mac\u00e9doine du Nord, a explor\u00e9 les obstacles \u00e0 une couverture efficace des services de sant\u00e9 et a identifi\u00e9 des moyens d&#8217;am\u00e9liorer l&#8217;\u00e9quit\u00e9 en mati\u00e8re de sant\u00e9 et l&#8217;acc\u00e8s \u00e0 des services de sant\u00e9 de qualit\u00e9. Ax\u00e9e sur les populations rurales et les habitants des petites agglom\u00e9rations urbaines, l&#8217;\u00e9tude a utilis\u00e9 une approche mixte, comprenant des enqu\u00eates, des entretiens avec des informateurs cl\u00e9s et des discussions de groupe. Les r\u00e9sultats ont r\u00e9v\u00e9l\u00e9 des d\u00e9fis importants, tels que le manque de personnel de sant\u00e9, en particulier dans les r\u00e9gions d\u00e9favoris\u00e9es, la disponibilit\u00e9 insuffisante de m\u00e9dicaments et de dispositifs m\u00e9dicaux, et l&#8217;absence de technologies m\u00e9dicales modernes. Les probl\u00e8mes d&#8217;accessibilit\u00e9 comprennent les barri\u00e8res g\u00e9ographiques et de transport, qui affectent particuli\u00e8rement la population rurale, les personnes \u00e2g\u00e9es et les personnes souffrant de maladies chroniques. Les obstacles financiers sont \u00e9galement notables, avec des d\u00e9penses personnelles \u00e9lev\u00e9es et l&#8217;absence de couverture d&#8217;assurance maladie chez certains groupes d\u00e9mographiques. La confiance dans les professionnels de la sant\u00e9 est g\u00e9n\u00e9ralement \u00e9lev\u00e9e, mais des probl\u00e8mes tels que la discrimination, le manque de confidentialit\u00e9 et les normes de genre affectent l&#8217;acc\u00e8s aux services de sant\u00e9. L&#8217;\u00e9tude propose des solutions telles que la gouvernance intersyst\u00e8me, la r\u00e9forme des soins de sant\u00e9 primaires pour rem\u00e9dier aux in\u00e9galit\u00e9s spatiales et sociales, la garantie d&#8217;une protection financi\u00e8re, le d\u00e9veloppement d&#8217;un personnel de sant\u00e9 solide et l&#8217;int\u00e9gration de l&#8217;\u00e9quit\u00e9 en mati\u00e8re de sant\u00e9 dans la strat\u00e9gie nationale de d\u00e9veloppement. Ces approches visent \u00e0 combler les lacunes dans la couverture des services de sant\u00e9 et \u00e0 am\u00e9liorer les r\u00e9sultats globaux en mati\u00e8re de sant\u00e9.       <\/div>\n<\/blockquote>\n<p>[\/et_pb_text][\/et_pb_column][\/et_pb_row][\/et_pb_section]<\/p>\n","protected":false},"excerpt":{"rendered":"<p>L&#8217;OMS et le minist\u00e8re de la sant\u00e9 de Mac\u00e9doine du Nord ont publi\u00e9 un rapport qui \u00e9value les obstacles aux soins en Mac\u00e9doine du Nord, en se concentrant sur les zones rurales et les petits \u00e9tablissements urbains. Dans l&#8217;aper\u00e7u du rapport, l&#8217;OMS a d\u00e9clar\u00e9 : Cette \u00e9tude, men\u00e9e en Mac\u00e9doine du Nord, a explor\u00e9 les&#8230;<\/p>\n","protected":false},"author":137,"featured_media":0,"comment_status":"closed","ping_status":"closed","template":"","meta":{"_et_pb_use_builder":"on","_et_pb_old_content":"","_et_gb_content_width":""},"categories":[],"tags":[3055,2834,3061],"document_type":[],"acf":[],"_links":{"self":[{"href":"https:\/\/p4h.world\/fr\/wp-json\/wp\/v2\/documents\/987737973"}],"collection":[{"href":"https:\/\/p4h.world\/fr\/wp-json\/wp\/v2\/documents"}],"about":[{"href":"https:\/\/p4h.world\/fr\/wp-json\/wp\/v2\/types\/documents"}],"author":[{"embeddable":true,"href":"https:\/\/p4h.world\/fr\/wp-json\/wp\/v2\/users\/137"}],"replies":[{"embeddable":true,"href":"https:\/\/p4h.world\/fr\/wp-json\/wp\/v2\/comments?post=987737973"}],"version-history":[{"count":15,"href":"https:\/\/p4h.world\/fr\/wp-json\/wp\/v2\/documents\/987737973\/revisions"}],"predecessor-version":[{"id":987738099,"href":"https:\/\/p4h.world\/fr\/wp-json\/wp\/v2\/documents\/987737973\/revisions\/987738099"}],"wp:attachment":[{"href":"https:\/\/p4h.world\/fr\/wp-json\/wp\/v2\/media?parent=987737973"}],"wp:term":[{"taxonomy":"category","embeddable":true,"href":"https:\/\/p4h.world\/fr\/wp-json\/wp\/v2\/categories?post=987737973"},{"taxonomy":"post_tag","embeddable":true,"href":"https:\/\/p4h.world\/fr\/wp-json\/wp\/v2\/tags?post=987737973"},{"taxonomy":"document_type","embeddable":true,"href":"https:\/\/p4h.world\/fr\/wp-json\/wp\/v2\/document_type?post=987737973"}],"curies":[{"name":"wp","href":"https:\/\/api.w.org\/{rel}","templated":true}]}}