{"id":987628289,"date":"2022-12-26T09:48:23","date_gmt":"2022-12-26T08:48:23","guid":{"rendered":"https:\/\/p4h.world\/membres-de-p4h\/"},"modified":"2025-11-20T12:27:58","modified_gmt":"2025-11-20T11:27:58","slug":"membres-de-p4h","status":"publish","type":"page","link":"https:\/\/p4h.world\/fr\/qui-sommes-nous\/membres-de-p4h\/","title":{"rendered":"Membres de P4H"},"content":{"rendered":"<p>[et_pb_section fb_built=&#8221;1&#8243; admin_label=&#8221;Section&#8221; _builder_version=&#8221;4.21.0&#8243; _module_preset=&#8221;default&#8221; background_color=&#8221;#e8e7e2&#8243; locked=&#8221;off&#8221; global_colors_info=&#8221;{}&#8221;][et_pb_row disabled_on=&#8221;off|off|off&#8221; admin_label=&#8221;Entretoise&#8221; _builder_version=&#8221;4.21.0&#8243; _module_preset=&#8221;default&#8221; display_conditions=&#8221;W10=&#8221; custom_padding=&#8221;0px|0px|29px|0px|false|false&#8221; global_module=&#8221;987504603&#8243; saved_tabs=&#8221;all&#8221; collapsed=&#8221;on&#8221; global_colors_info=&#8221;{}&#8221;][et_pb_column type=&#8221;4_4&#8243; _builder_version=&#8221;4.19.2&#8243; _module_preset=&#8221;default&#8221; global_colors_info=&#8221;{}&#8221;][\/et_pb_column][\/et_pb_row][et_pb_row make_equal=&#8221;on&#8221; admin_label=&#8221;Vue d&#039;ensemble&#8221; _builder_version=&#8221;4.20.4&#8243; _module_preset=&#8221;default&#8221; custom_padding=&#8221;0px|15px|0px|15px|false|true&#8221; custom_css_main_element=&#8221;align-items: center;&#8221; collapsed=&#8221;off&#8221; global_colors_info=&#8221;{}&#8221;][et_pb_column type=&#8221;4_4&#8243; admin_label=&#8221;Colonne&#8221; _builder_version=&#8221;4.20.2&#8243; _module_preset=&#8221;default&#8221; custom_padding=&#8221;||||false|true&#8221; global_colors_info=&#8221;{}&#8221;][et_pb_text _builder_version=&#8221;4.21.0&#8243; _module_preset=&#8221;default&#8221; header_3_font=&#8221;|||on|||||&#8221; header_3_text_color=&#8221;#5EAABC&#8221; hover_enabled=&#8221;0&#8243; global_colors_info=&#8221;{}&#8221; sticky_enabled=&#8221;0&#8243;]<\/p>\n<p>Le r\u00e9seau P4H est un r\u00e9seau mondial ouvert \u00e0 tous les membres potentiels, qui peuvent \u00eatre des gouvernements ou des acteurs \u00e9tatiques, des organisations multilat\u00e9rales, des banques r\u00e9gionales de d\u00e9veloppement, des fonds mondiaux pour la sant\u00e9, des institutions universitaires, des organisations de la soci\u00e9t\u00e9 civile ou le secteur priv\u00e9. Les membres doivent \u00eatre des personnes morales.<\/p>\n<p>[\/et_pb_text][et_pb_text _builder_version=&#8221;4.21.0&#8243; _module_preset=&#8221;default&#8221; header_3_font=&#8221;|||on|||||&#8221; header_3_text_color=&#8221;#5EAABC&#8221; global_colors_info=&#8221;{}&#8221;]<\/p>\n<p>Les candidats \u00e0 l&#8217;adh\u00e9sion s&#8217;engagent \u00e0 apporter des contributions financi\u00e8res ou en nature et \u00e0 apporter une valeur ajout\u00e9e au r\u00e9seau P4H. Ils s&#8217;engagent dans des r\u00e9formes du financement de la sant\u00e9 au niveau national, r\u00e9gional ou mondial qui font progresser la couverture sanitaire universelle. Les candidats soutiennent \u00e9galement les valeurs et les principes de P4H, sa proposition de valeur et sa d\u00e9claration de mission. Le groupe de pilotage de P4H examine et approuve en permanence les demandes d&#8217;adh\u00e9sion. La diversit\u00e9 des membres du r\u00e9seau P4H ne cesse de cro\u00eetre.<\/p>\n<p>[\/et_pb_text][\/et_pb_column][\/et_pb_row][et_pb_row disabled_on=&#8221;off|off|off&#8221; admin_label=&#8221;Entretoise&#8221; _builder_version=&#8221;4.21.0&#8243; _module_preset=&#8221;default&#8221; display_conditions=&#8221;W10=&#8221; custom_padding=&#8221;0px|0px|29px|0px|false|false&#8221; global_module=&#8221;987504603&#8243; saved_tabs=&#8221;all&#8221; collapsed=&#8221;on&#8221; global_colors_info=&#8221;{}&#8221;][et_pb_column type=&#8221;4_4&#8243; _builder_version=&#8221;4.19.2&#8243; _module_preset=&#8221;default&#8221; global_colors_info=&#8221;{}&#8221;][\/et_pb_column][\/et_pb_row][et_pb_row disabled_on=&#8221;on|on|on&#8221; admin_label=&#8221;Liste des cartes de membres&#8221; _builder_version=&#8221;4.20.4&#8243; _module_preset=&#8221;default&#8221; custom_padding=&#8221;0px|15px|0px|15px|false|true&#8221; disabled=&#8221;on&#8221; collapsed=&#8221;on&#8221; global_colors_info=&#8221;{}&#8221;][et_pb_column type=&#8221;4_4&#8243; _builder_version=&#8221;4.20.2&#8243; _module_preset=&#8221;default&#8221; global_colors_info=&#8221;{}&#8221;][et_pb_code module_class=&#8221;member-grid&#8221; _builder_version=&#8221;4.20.2&#8243; _module_preset=&#8221;default&#8221; global_colors_info=&#8221;{}&#8221;]<div class=\"pt-cv-wrapper et_smooth_scroll_disabled\"><div class=\"pt-cv-view pt-cv-grid pt-cv-colsys\" id=\"pt-cv-view-46c46c0vxm\"><div data-id=\"pt-cv-page-1\" class=\"pt-cv-page\" data-cvc=\"3\"><div class=\"col-md-4 col-sm-6 col-xs-12 pt-cv-content-item pt-cv-1-col\"  data-pid=\"987719594\"><div class='pt-cv-ifield'><a href=\"\" class=\"pt-cv-none pt-cv-href-thumbnail pt-cv-thumb-default cvplbd\" target=\"pt-cv-none\" ><img width=\"450\" height=\"194\" src=\"https:\/\/p4h.world\/app\/uploads\/2024\/09\/senegal_member.png\" class=\"pt-cv-thumbnail img-none\" alt=\"S\u00e9n\u00e9gal\" decoding=\"async\" loading=\"lazy\" srcset=\"https:\/\/p4h.world\/app\/uploads\/2024\/09\/senegal_member.png 450w, https:\/\/p4h.world\/app\/uploads\/2024\/09\/senegal_member-300x129.png 300w\" sizes=\"(max-width: 450px) 100vw, 450px\" \/><\/a>\n<h4 class=\"pt-cv-title\"><a href=\"\" class=\"pt-cv-none cvplbd\" target=\"pt-cv-none\" >S\u00e9n\u00e9gal<\/a><\/h4>\n<div class=\"pt-cv-ctf-list\" data-cvc=\"1\"><div class=\"col-md-12 pt-cv-ctf-column\"><div class=\"pt-cv-custom-fields pt-cv-ctf-official_website\"><div class=\"pt-cv-ctf-value\"><a href=\"https:\/\/p4h.world\/en\/countries\/senegal\/\">Visiter le site web<\/a><\/div><\/div><\/div><\/div><\/div><\/div>\n<div class=\"col-md-4 col-sm-6 col-xs-12 pt-cv-content-item pt-cv-1-col\"  data-pid=\"987698601\"><div class='pt-cv-ifield'><a href=\"\" class=\"pt-cv-none pt-cv-href-thumbnail pt-cv-thumb-default cvplbd\" target=\"pt-cv-none\" ><img width=\"288\" height=\"293\" src=\"https:\/\/p4h.world\/app\/uploads\/2024\/06\/pucp_logo.png\" class=\"pt-cv-thumbnail img-none\" alt=\"Universit\u00e9 catholique pontificale du P\u00e9rou (PCUP)\" decoding=\"async\" loading=\"lazy\" \/><\/a>\n<h4 class=\"pt-cv-title\"><a href=\"\" class=\"pt-cv-none cvplbd\" target=\"pt-cv-none\" >Universit\u00e9 catholique pontificale du P\u00e9rou (PCUP)<\/a><\/h4>\n<div class=\"pt-cv-ctf-list\" data-cvc=\"1\"><div class=\"col-md-12 pt-cv-ctf-column\"><div class=\"pt-cv-custom-fields pt-cv-ctf-official_website\"><div class=\"pt-cv-ctf-value\"><a href=\"https:\/\/www.pucp.edu.pe\/en\/\">Visiter le site web<\/a><\/div><\/div><\/div><\/div><\/div><\/div>\n<div class=\"col-md-4 col-sm-6 col-xs-12 pt-cv-content-item pt-cv-1-col\"  data-pid=\"987698581\"><div class='pt-cv-ifield'><a href=\"\" class=\"pt-cv-none pt-cv-href-thumbnail pt-cv-thumb-default cvplbd\" target=\"pt-cv-none\" ><img width=\"300\" height=\"342\" src=\"https:\/\/p4h.world\/app\/uploads\/2024\/06\/kamuzu_logo.png\" class=\"pt-cv-thumbnail img-none\" alt=\"Universit\u00e9 Kamuzu des sciences de la sant\u00e9 (KUHeS) - Malawi\" decoding=\"async\" loading=\"lazy\" srcset=\"https:\/\/p4h.world\/app\/uploads\/2024\/06\/kamuzu_logo.png 300w, https:\/\/p4h.world\/app\/uploads\/2024\/06\/kamuzu_logo-263x300.png 263w\" sizes=\"(max-width: 300px) 100vw, 300px\" \/><\/a>\n<h4 class=\"pt-cv-title\"><a href=\"\" class=\"pt-cv-none cvplbd\" target=\"pt-cv-none\" >Universit\u00e9 Kamuzu des sciences de la sant\u00e9 (KUHeS) &#8211; Malawi<\/a><\/h4>\n<div class=\"pt-cv-ctf-list\" data-cvc=\"1\"><div class=\"col-md-12 pt-cv-ctf-column\"><div class=\"pt-cv-custom-fields pt-cv-ctf-official_website\"><div class=\"pt-cv-ctf-value\"><a href=\"https:\/\/www.kuhes.ac.mw\/\">Visiter le site web<\/a><\/div><\/div><\/div><\/div><\/div><\/div>\n<div class=\"col-md-4 col-sm-6 col-xs-12 pt-cv-content-item pt-cv-1-col\"  data-pid=\"987698558\"><div class='pt-cv-ifield'><a href=\"\" class=\"pt-cv-none pt-cv-href-thumbnail pt-cv-thumb-default cvplbd\" target=\"pt-cv-none\" ><img width=\"242\" height=\"300\" src=\"https:\/\/p4h.world\/app\/uploads\/2024\/06\/university-antioquia-colombia.png\" class=\"pt-cv-thumbnail img-none\" alt=\"Universit\u00e9 d&#039;Antioquia - Colombie\" decoding=\"async\" loading=\"lazy\" \/><\/a>\n<h4 class=\"pt-cv-title\"><a href=\"\" class=\"pt-cv-none cvplbd\" target=\"pt-cv-none\" >Universit\u00e9 d&#8217;Antioquia &#8211; Colombie<\/a><\/h4>\n<div class=\"pt-cv-ctf-list\" data-cvc=\"1\"><div class=\"col-md-12 pt-cv-ctf-column\"><div class=\"pt-cv-custom-fields pt-cv-ctf-official_website\"><div class=\"pt-cv-ctf-value\"><a href=\"http:\/\/www.udea.edu.co\/\">Visiter le site web<\/a><\/div><\/div><\/div><\/div><\/div><\/div>\n<div class=\"col-md-4 col-sm-6 col-xs-12 pt-cv-content-item pt-cv-1-col\"  data-pid=\"987628806\"><div class='pt-cv-ifield'><a href=\"\" class=\"pt-cv-none pt-cv-href-thumbnail pt-cv-thumb-default cvplbd\" target=\"pt-cv-none\" ><img width=\"222\" height=\"358\" src=\"https:\/\/p4h.world\/app\/uploads\/2023\/04\/federal-ministry-economic-cooperation-development_logo.png\" class=\"pt-cv-thumbnail img-none\" alt=\"Minist\u00e8re f\u00e9d\u00e9ral de la coop\u00e9ration \u00e9conomique et du d\u00e9veloppement (BMZ) - Allemagne\" decoding=\"async\" loading=\"lazy\" srcset=\"https:\/\/p4h.world\/app\/uploads\/2023\/04\/federal-ministry-economic-cooperation-development_logo.png 222w, https:\/\/p4h.world\/app\/uploads\/2023\/04\/federal-ministry-economic-cooperation-development_logo-186x300.png 186w\" sizes=\"(max-width: 222px) 100vw, 222px\" \/><\/a>\n<h4 class=\"pt-cv-title\"><a href=\"\" class=\"pt-cv-none cvplbd\" target=\"pt-cv-none\" >Minist\u00e8re f\u00e9d\u00e9ral de la coop\u00e9ration \u00e9conomique et du d\u00e9veloppement (BMZ) &#8211; Allemagne<\/a><\/h4>\n<div class=\"pt-cv-ctf-list\" data-cvc=\"1\"><div class=\"col-md-12 pt-cv-ctf-column\"><div class=\"pt-cv-custom-fields pt-cv-ctf-official_website\"><div class=\"pt-cv-ctf-value\"><a href=\"https:\/\/www.bmz.de\/en\">Visiter le site web<\/a><\/div><\/div><\/div><\/div><\/div><\/div>\n<div class=\"col-md-4 col-sm-6 col-xs-12 pt-cv-content-item pt-cv-1-col\"  data-pid=\"987628822\"><div class='pt-cv-ifield'><a href=\"\" class=\"pt-cv-none pt-cv-href-thumbnail pt-cv-thumb-default cvplbd\" target=\"pt-cv-none\" ><img width=\"270\" height=\"270\" src=\"https:\/\/p4h.world\/app\/uploads\/2023\/04\/moph.png\" class=\"pt-cv-thumbnail img-none\" alt=\"Minist\u00e8re de la sant\u00e9 publique (MOPH) de Tha\u00eflande\" decoding=\"async\" loading=\"lazy\" srcset=\"https:\/\/p4h.world\/app\/uploads\/2023\/04\/moph.png 270w, https:\/\/p4h.world\/app\/uploads\/2023\/04\/moph-150x150.png 150w\" sizes=\"(max-width: 270px) 100vw, 270px\" \/><\/a>\n<h4 class=\"pt-cv-title\"><a href=\"\" class=\"pt-cv-none cvplbd\" target=\"pt-cv-none\" >Minist\u00e8re de la sant\u00e9 publique (MOPH) de Tha\u00eflande<\/a><\/h4>\n<div class=\"pt-cv-ctf-list\" data-cvc=\"1\"><div class=\"col-md-12 pt-cv-ctf-column\"><div class=\"pt-cv-custom-fields pt-cv-ctf-official_website\"><div class=\"pt-cv-ctf-value\"><a href=\"http:\/\/www.moph.go.th\/\">Visiter le site web<\/a><\/div><\/div><\/div><\/div><\/div><\/div>\n<div class=\"col-md-4 col-sm-6 col-xs-12 pt-cv-content-item pt-cv-1-col\"  data-pid=\"987628814\"><div class='pt-cv-ifield'><a href=\"\" class=\"pt-cv-none pt-cv-href-thumbnail pt-cv-thumb-default cvplbd\" target=\"pt-cv-none\" ><img width=\"262\" height=\"324\" src=\"https:\/\/p4h.world\/app\/uploads\/2023\/04\/ANU_logo.png\" class=\"pt-cv-thumbnail img-none\" alt=\"Coll\u00e8ge de sant\u00e9 et de m\u00e9decine de l&#039;Universit\u00e9 nationale australienne (ANU-CHM)\" decoding=\"async\" loading=\"lazy\" srcset=\"https:\/\/p4h.world\/app\/uploads\/2023\/04\/ANU_logo.png 262w, https:\/\/p4h.world\/app\/uploads\/2023\/04\/ANU_logo-243x300.png 243w\" sizes=\"(max-width: 262px) 100vw, 262px\" \/><\/a>\n<h4 class=\"pt-cv-title\"><a href=\"\" class=\"pt-cv-none cvplbd\" target=\"pt-cv-none\" >Coll\u00e8ge de sant\u00e9 et de m\u00e9decine de l&#8217;Universit\u00e9 nationale australienne (ANU-CHM)<\/a><\/h4>\n<div class=\"pt-cv-ctf-list\" data-cvc=\"1\"><div class=\"col-md-12 pt-cv-ctf-column\"><div class=\"pt-cv-custom-fields pt-cv-ctf-official_website\"><div class=\"pt-cv-ctf-value\"><a href=\"https:\/\/www.anu.edu.au\/\">Visiter le site web<\/a><\/div><\/div><\/div><\/div><\/div><\/div>\n<div class=\"col-md-4 col-sm-6 col-xs-12 pt-cv-content-item pt-cv-1-col\"  data-pid=\"987628829\"><div class='pt-cv-ifield'><a href=\"\" class=\"pt-cv-none pt-cv-href-thumbnail pt-cv-thumb-default cvplbd\" target=\"pt-cv-none\" ><img width=\"300\" height=\"300\" src=\"https:\/\/p4h.world\/app\/uploads\/2023\/04\/costa-rican-social-security-fund_member.png\" class=\"pt-cv-thumbnail img-none\" alt=\"La Caisse nationale de s\u00e9curit\u00e9 sociale du Costa Rica (CCSS)\" decoding=\"async\" loading=\"lazy\" srcset=\"https:\/\/p4h.world\/app\/uploads\/2023\/04\/costa-rican-social-security-fund_member.png 300w, https:\/\/p4h.world\/app\/uploads\/2023\/04\/costa-rican-social-security-fund_member-150x150.png 150w\" sizes=\"(max-width: 300px) 100vw, 300px\" \/><\/a>\n<h4 class=\"pt-cv-title\"><a href=\"\" class=\"pt-cv-none cvplbd\" target=\"pt-cv-none\" >La Caisse nationale de s\u00e9curit\u00e9 sociale du Costa Rica (CCSS)<\/a><\/h4>\n<div class=\"pt-cv-ctf-list\" data-cvc=\"1\"><div class=\"col-md-12 pt-cv-ctf-column\"><div class=\"pt-cv-custom-fields pt-cv-ctf-official_website\"><div class=\"pt-cv-ctf-value\"><a href=\"https:\/\/www.ccss.sa.cr\/\">Visiter le site web<\/a><\/div><\/div><\/div><\/div><\/div><\/div>\n<div class=\"col-md-4 col-sm-6 col-xs-12 pt-cv-content-item pt-cv-1-col\"  data-pid=\"987628815\"><div class='pt-cv-ifield'><a href=\"\" class=\"pt-cv-none pt-cv-href-thumbnail pt-cv-thumb-default cvplbd\" target=\"pt-cv-none\" ><img width=\"300\" height=\"295\" src=\"https:\/\/p4h.world\/app\/uploads\/2022\/12\/the-global-fund_member.png\" class=\"pt-cv-thumbnail img-none\" alt=\"Le Fonds mondial\" decoding=\"async\" loading=\"lazy\" \/><\/a>\n<h4 class=\"pt-cv-title\"><a href=\"\" class=\"pt-cv-none cvplbd\" target=\"pt-cv-none\" >Le Fonds mondial<\/a><\/h4>\n<div class=\"pt-cv-ctf-list\" data-cvc=\"1\"><div class=\"col-md-12 pt-cv-ctf-column\"><div class=\"pt-cv-custom-fields pt-cv-ctf-official_website\"><div class=\"pt-cv-ctf-value\"><a href=\"https:\/\/www.theglobalfund.org\/en\/\">Visiter le site web<\/a><\/div><\/div><\/div><\/div><\/div><\/div>\n<div class=\"col-md-4 col-sm-6 col-xs-12 pt-cv-content-item pt-cv-1-col\"  data-pid=\"987628838\"><div class='pt-cv-ifield'><a href=\"\" class=\"pt-cv-none pt-cv-href-thumbnail pt-cv-thumb-default cvplbd\" target=\"pt-cv-none\" ><img width=\"259\" height=\"255\" src=\"https:\/\/p4h.world\/app\/uploads\/2022\/12\/snu_member.png\" class=\"pt-cv-thumbnail img-none\" alt=\"\u00c9cole de sant\u00e9 publique de l&#039;universit\u00e9 nationale de S\u00e9oul (SNU SPH) - S\u00e9oul\" decoding=\"async\" loading=\"lazy\" \/><\/a>\n<h4 class=\"pt-cv-title\"><a href=\"\" class=\"pt-cv-none cvplbd\" target=\"pt-cv-none\" >\u00c9cole de sant\u00e9 publique de l&#8217;universit\u00e9 nationale de S\u00e9oul (SNU SPH) &#8211; S\u00e9oul<\/a><\/h4>\n<div class=\"pt-cv-ctf-list\" data-cvc=\"1\"><div class=\"col-md-12 pt-cv-ctf-column\"><div class=\"pt-cv-custom-fields pt-cv-ctf-official_website\"><div class=\"pt-cv-ctf-value\"><a href=\"https:\/\/health.snu.ac.kr\">Visiter le site web<\/a><\/div><\/div><\/div><\/div><\/div><\/div>\n<div class=\"col-md-4 col-sm-6 col-xs-12 pt-cv-content-item pt-cv-1-col\"  data-pid=\"987628825\"><div class='pt-cv-ifield'><a href=\"\" class=\"pt-cv-none pt-cv-href-thumbnail pt-cv-thumb-default cvplbd\" target=\"pt-cv-none\" ><img width=\"300\" height=\"327\" src=\"https:\/\/p4h.world\/app\/uploads\/2022\/12\/eda_logo.png\" class=\"pt-cv-thumbnail img-none\" alt=\"D\u00e9partement f\u00e9d\u00e9ral des affaires \u00e9trang\u00e8res (DFAE) - Suisse\" decoding=\"async\" loading=\"lazy\" srcset=\"https:\/\/p4h.world\/app\/uploads\/2022\/12\/eda_logo.png 300w, https:\/\/p4h.world\/app\/uploads\/2022\/12\/eda_logo-275x300.png 275w\" sizes=\"(max-width: 300px) 100vw, 300px\" \/><\/a>\n<h4 class=\"pt-cv-title\"><a href=\"\" class=\"pt-cv-none cvplbd\" target=\"pt-cv-none\" >D\u00e9partement f\u00e9d\u00e9ral des affaires \u00e9trang\u00e8res (DFAE) &#8211; Suisse<\/a><\/h4>\n<div class=\"pt-cv-ctf-list\" data-cvc=\"1\"><div class=\"col-md-12 pt-cv-ctf-column\"><div class=\"pt-cv-custom-fields pt-cv-ctf-official_website\"><div class=\"pt-cv-ctf-value\"><a href=\"https:\/\/www.eda.admin.ch\/eda\/en\/fdfa.html\">Visiter le site web<\/a><\/div><\/div><\/div><\/div><\/div><\/div>\n<div class=\"col-md-4 col-sm-6 col-xs-12 pt-cv-content-item pt-cv-1-col\"  data-pid=\"987628840\"><div class='pt-cv-ifield'><a href=\"\" class=\"pt-cv-none pt-cv-href-thumbnail pt-cv-thumb-default cvplbd\" target=\"pt-cv-none\" ><img width=\"300\" height=\"229\" src=\"https:\/\/p4h.world\/app\/uploads\/2022\/12\/nrchd_logo.png\" class=\"pt-cv-thumbnail img-none\" alt=\"Caisse d&#039;assurance maladie - Kazakhstan\" decoding=\"async\" loading=\"lazy\" \/><\/a>\n<h4 class=\"pt-cv-title\"><a href=\"\" class=\"pt-cv-none cvplbd\" target=\"pt-cv-none\" >Caisse d&#8217;assurance maladie &#8211; Kazakhstan<\/a><\/h4>\n<div class=\"pt-cv-ctf-list\" data-cvc=\"1\"><div class=\"col-md-12 pt-cv-ctf-column\"><div class=\"pt-cv-custom-fields pt-cv-ctf-official_website\"><div class=\"pt-cv-ctf-value\"><a href=\"https:\/\/msqory.kz\/en\/\">Visiter le site web<\/a><\/div><\/div><\/div><\/div><\/div><\/div>\n<div class=\"col-md-4 col-sm-6 col-xs-12 pt-cv-content-item pt-cv-1-col\"  data-pid=\"987628865\"><div class='pt-cv-ifield'><a href=\"\" class=\"pt-cv-none pt-cv-href-thumbnail pt-cv-thumb-default cvplbd\" target=\"pt-cv-none\" ><img width=\"300\" height=\"284\" src=\"https:\/\/p4h.world\/app\/uploads\/2022\/12\/moh_morocco.png\" class=\"pt-cv-thumbnail img-none\" alt=\"Minist\u00e8re de la sant\u00e9 (MoH) - Maroc\" decoding=\"async\" loading=\"lazy\" \/><\/a>\n<h4 class=\"pt-cv-title\"><a href=\"\" class=\"pt-cv-none cvplbd\" target=\"pt-cv-none\" >Minist\u00e8re de la sant\u00e9 (MoH) &#8211; Maroc<\/a><\/h4>\n<div class=\"pt-cv-ctf-list\" data-cvc=\"1\"><div class=\"col-md-12 pt-cv-ctf-column\"><div class=\"pt-cv-custom-fields pt-cv-ctf-official_website\"><div class=\"pt-cv-ctf-value\"><a href=\"https:\/\/www.sante.gov.ma\">Visiter le site web<\/a><\/div><\/div><\/div><\/div><\/div><\/div>\n<div class=\"col-md-4 col-sm-6 col-xs-12 pt-cv-content-item pt-cv-1-col\"  data-pid=\"987628854\"><div class='pt-cv-ifield'><a href=\"\" class=\"pt-cv-none pt-cv-href-thumbnail pt-cv-thumb-default cvplbd\" target=\"pt-cv-none\" ><img width=\"320\" height=\"121\" src=\"https:\/\/p4h.world\/app\/uploads\/2022\/12\/mofa-france_logo.png\" class=\"pt-cv-thumbnail img-none\" alt=\"Minist\u00e8re de l&#039;Europe et des Affaires \u00e9trang\u00e8res (MAE) - France\" decoding=\"async\" loading=\"lazy\" srcset=\"https:\/\/p4h.world\/app\/uploads\/2022\/12\/mofa-france_logo.png 320w, https:\/\/p4h.world\/app\/uploads\/2022\/12\/mofa-france_logo-300x113.png 300w\" sizes=\"(max-width: 320px) 100vw, 320px\" \/><\/a>\n<h4 class=\"pt-cv-title\"><a href=\"\" class=\"pt-cv-none cvplbd\" target=\"pt-cv-none\" >Minist\u00e8re de l&#8217;Europe et des Affaires \u00e9trang\u00e8res (MAE) &#8211; France<\/a><\/h4>\n<div class=\"pt-cv-ctf-list\" data-cvc=\"1\"><div class=\"col-md-12 pt-cv-ctf-column\"><div class=\"pt-cv-custom-fields pt-cv-ctf-official_website\"><div class=\"pt-cv-ctf-value\"><a href=\"https:\/\/www.diplomatie.gouv.fr\/en\/\">Visiter le site web<\/a><\/div><\/div><\/div><\/div><\/div><\/div>\n<div class=\"col-md-4 col-sm-6 col-xs-12 pt-cv-content-item pt-cv-1-col\"  data-pid=\"987628884\"><div class='pt-cv-ifield'><a href=\"\" class=\"pt-cv-none pt-cv-href-thumbnail pt-cv-thumb-default cvplbd\" target=\"pt-cv-none\" ><img width=\"260\" height=\"251\" src=\"https:\/\/p4h.world\/app\/uploads\/2022\/12\/ilo_logo-1.png\" class=\"pt-cv-thumbnail img-none\" alt=\"Organisation internationale du travail (OIT)\" decoding=\"async\" loading=\"lazy\" \/><\/a>\n<h4 class=\"pt-cv-title\"><a href=\"\" class=\"pt-cv-none cvplbd\" target=\"pt-cv-none\" >Organisation internationale du travail (OIT)<\/a><\/h4>\n<div class=\"pt-cv-ctf-list\" data-cvc=\"1\"><div class=\"col-md-12 pt-cv-ctf-column\"><div class=\"pt-cv-custom-fields pt-cv-ctf-official_website\"><div class=\"pt-cv-ctf-value\"><a href=\"https:\/\/www.ilo.org\/global\/lang--en\/index.htm\">Visiter le site web<\/a><\/div><\/div><\/div><\/div><\/div><\/div>\n<div class=\"col-md-4 col-sm-6 col-xs-12 pt-cv-content-item pt-cv-1-col\"  data-pid=\"987628880\"><div class='pt-cv-ifield'><a href=\"\" class=\"pt-cv-none pt-cv-href-thumbnail pt-cv-thumb-default cvplbd\" target=\"pt-cv-none\" ><img width=\"229\" height=\"263\" src=\"https:\/\/p4h.world\/app\/uploads\/2022\/12\/global-financing-facility_logo1.png\" class=\"pt-cv-thumbnail img-none\" alt=\"Facilit\u00e9 de financement mondiale (GFF)\" decoding=\"async\" loading=\"lazy\" \/><\/a>\n<h4 class=\"pt-cv-title\"><a href=\"\" class=\"pt-cv-none cvplbd\" target=\"pt-cv-none\" >Facilit\u00e9 de financement mondiale (GFF)<\/a><\/h4>\n<div class=\"pt-cv-ctf-list\" data-cvc=\"1\"><div class=\"col-md-12 pt-cv-ctf-column\"><div class=\"pt-cv-custom-fields pt-cv-ctf-official_website\"><div class=\"pt-cv-ctf-value\"><a href=\"https:\/\/www.globalfinancingfacility.org\/\">Visiter le site web<\/a><\/div><\/div><\/div><\/div><\/div><\/div>\n<div class=\"col-md-4 col-sm-6 col-xs-12 pt-cv-content-item pt-cv-1-col\"  data-pid=\"987628850\"><div class='pt-cv-ifield'><a href=\"\" class=\"pt-cv-none pt-cv-href-thumbnail pt-cv-thumb-default cvplbd\" target=\"pt-cv-none\" ><img width=\"100\" height=\"100\" src=\"https:\/\/p4h.world\/app\/uploads\/2022\/12\/fudan_logo1.png\" class=\"pt-cv-thumbnail img-none\" alt=\"\u00c9cole de sant\u00e9 publique de l&#039;universit\u00e9 de Fudan (FUSPH) - Shanghai\" decoding=\"async\" loading=\"lazy\" \/><\/a>\n<h4 class=\"pt-cv-title\"><a href=\"\" class=\"pt-cv-none cvplbd\" target=\"pt-cv-none\" >\u00c9cole de sant\u00e9 publique de l&#8217;universit\u00e9 de Fudan (FUSPH) &#8211; Shanghai<\/a><\/h4>\n<div class=\"pt-cv-ctf-list\" data-cvc=\"1\"><div class=\"col-md-12 pt-cv-ctf-column\"><div class=\"pt-cv-custom-fields pt-cv-ctf-official_website\"><div class=\"pt-cv-ctf-value\"><a href=\"http:\/\/sph.fudan.edu.cn\/\">Visiter le site web<\/a><\/div><\/div><\/div><\/div><\/div><\/div>\n<div class=\"col-md-4 col-sm-6 col-xs-12 pt-cv-content-item pt-cv-1-col\"  data-pid=\"987628885\"><div class='pt-cv-ifield'><a href=\"\" class=\"pt-cv-none pt-cv-href-thumbnail pt-cv-thumb-default cvplbd\" target=\"pt-cv-none\" ><img width=\"165\" height=\"184\" src=\"https:\/\/p4h.world\/app\/uploads\/2022\/12\/CHQAC-russian-feder_logo.jpeg\" class=\"pt-cv-thumbnail img-none\" alt=\"Centre d&#039;\u00e9valuation et de contr\u00f4le de la qualit\u00e9 des soins de sant\u00e9 (CHQAC) - F\u00e9d\u00e9ration de Russie\" decoding=\"async\" loading=\"lazy\" \/><\/a>\n<h4 class=\"pt-cv-title\"><a href=\"\" class=\"pt-cv-none cvplbd\" target=\"pt-cv-none\" >Centre d&#8217;\u00e9valuation et de contr\u00f4le de la qualit\u00e9 des soins de sant\u00e9 (CHQAC) &#8211; F\u00e9d\u00e9ration de Russie<\/a><\/h4>\n<div class=\"pt-cv-ctf-list\" data-cvc=\"1\"><div class=\"col-md-12 pt-cv-ctf-column\"><div class=\"pt-cv-custom-fields pt-cv-ctf-official_website\"><div class=\"pt-cv-ctf-value\"><a href=\"https:\/\/rosmedex.ru\/eng\">Visiter le site web<\/a><\/div><\/div><\/div><\/div><\/div><\/div>\n<div class=\"col-md-4 col-sm-6 col-xs-12 pt-cv-content-item pt-cv-1-col\"  data-pid=\"987628905\"><div class='pt-cv-ifield'><a href=\"\" class=\"pt-cv-none pt-cv-href-thumbnail pt-cv-thumb-default cvplbd\" target=\"pt-cv-none\" ><img width=\"822\" height=\"238\" src=\"https:\/\/p4h.world\/app\/uploads\/2022\/12\/ceb_logo.png\" class=\"pt-cv-thumbnail img-none\" alt=\"Banque de d\u00e9veloppement du Conseil de l&#039;Europe (CEB)\" decoding=\"async\" loading=\"lazy\" srcset=\"https:\/\/p4h.world\/app\/uploads\/2022\/12\/ceb_logo.png 822w, https:\/\/p4h.world\/app\/uploads\/2022\/12\/ceb_logo-480x139.png 480w\" sizes=\"(min-width: 0px) and (max-width: 480px) 480px, (min-width: 481px) 822px, 100vw\" \/><\/a>\n<h4 class=\"pt-cv-title\"><a href=\"\" class=\"pt-cv-none cvplbd\" target=\"pt-cv-none\" >Banque de d\u00e9veloppement du Conseil de l&#8217;Europe (CEB)<\/a><\/h4>\n<div class=\"pt-cv-ctf-list\" data-cvc=\"1\"><div class=\"col-md-12 pt-cv-ctf-column\"><div class=\"pt-cv-custom-fields pt-cv-ctf-official_website\"><div class=\"pt-cv-ctf-value\"><a href=\"https:\/\/coebank.org\/en\/\">Visiter le site web<\/a><\/div><\/div><\/div><\/div><\/div><\/div>\n<div class=\"col-md-4 col-sm-6 col-xs-12 pt-cv-content-item pt-cv-1-col\"  data-pid=\"987628912\"><div class='pt-cv-ifield'><a href=\"\" class=\"pt-cv-none pt-cv-href-thumbnail pt-cv-thumb-default cvplbd\" target=\"pt-cv-none\" ><img width=\"545\" height=\"287\" src=\"https:\/\/p4h.world\/app\/uploads\/2022\/12\/african-development-bank-group.png\" class=\"pt-cv-thumbnail img-none\" alt=\"Banque africaine de d\u00e9veloppement (FAD)\" decoding=\"async\" loading=\"lazy\" srcset=\"https:\/\/p4h.world\/app\/uploads\/2022\/12\/african-development-bank-group.png 545w, https:\/\/p4h.world\/app\/uploads\/2022\/12\/african-development-bank-group-480x253.png 480w\" sizes=\"(min-width: 0px) and (max-width: 480px) 480px, (min-width: 481px) 545px, 100vw\" \/><\/a>\n<h4 class=\"pt-cv-title\"><a href=\"\" class=\"pt-cv-none cvplbd\" target=\"pt-cv-none\" >Banque africaine de d\u00e9veloppement (FAD)<\/a><\/h4>\n<div class=\"pt-cv-ctf-list\" data-cvc=\"1\"><div class=\"col-md-12 pt-cv-ctf-column\"><div class=\"pt-cv-custom-fields pt-cv-ctf-official_website\"><div class=\"pt-cv-ctf-value\"><a href=\"https:\/\/www.afdb.org\/en\">Visiter le site web<\/a><\/div><\/div><\/div><\/div><\/div><\/div>\n<div class=\"col-md-4 col-sm-6 col-xs-12 pt-cv-content-item pt-cv-1-col\"  data-pid=\"987628906\"><div class='pt-cv-ifield'><a href=\"\" class=\"pt-cv-none pt-cv-href-thumbnail pt-cv-thumb-default cvplbd\" target=\"pt-cv-none\" ><img width=\"310\" height=\"328\" src=\"https:\/\/p4h.world\/app\/uploads\/2022\/12\/logo-AECID-300.png\" class=\"pt-cv-thumbnail img-none\" alt=\"Agence pour la coop\u00e9ration internationale au d\u00e9veloppement (AECID) - Espagne\" decoding=\"async\" loading=\"lazy\" srcset=\"https:\/\/p4h.world\/app\/uploads\/2022\/12\/logo-AECID-300.png 310w, https:\/\/p4h.world\/app\/uploads\/2022\/12\/logo-AECID-300-284x300.png 284w\" sizes=\"(max-width: 310px) 100vw, 310px\" \/><\/a>\n<h4 class=\"pt-cv-title\"><a href=\"\" class=\"pt-cv-none cvplbd\" target=\"pt-cv-none\" >Agence pour la coop\u00e9ration internationale au d\u00e9veloppement (AECID) &#8211; Espagne<\/a><\/h4>\n<div class=\"pt-cv-ctf-list\" data-cvc=\"1\"><div class=\"col-md-12 pt-cv-ctf-column\"><div class=\"pt-cv-custom-fields pt-cv-ctf-official_website\"><div class=\"pt-cv-ctf-value\"><a href=\"https:\/\/www.aecid.es\/en\/inicio\">Visiter le site web<\/a><\/div><\/div><\/div><\/div><\/div><\/div>\n<div class=\"col-md-4 col-sm-6 col-xs-12 pt-cv-content-item pt-cv-1-col\"  data-pid=\"987628902\"><div class='pt-cv-ifield'><a href=\"\" class=\"pt-cv-none pt-cv-href-thumbnail pt-cv-thumb-default cvplbd\" target=\"pt-cv-none\" ><img width=\"300\" height=\"306\" src=\"https:\/\/p4h.world\/app\/uploads\/2022\/12\/asian-development-bank_logo.png\" class=\"pt-cv-thumbnail img-none\" alt=\"Banque asiatique de d\u00e9veloppement (BAD)\" decoding=\"async\" loading=\"lazy\" srcset=\"https:\/\/p4h.world\/app\/uploads\/2022\/12\/asian-development-bank_logo.png 300w, https:\/\/p4h.world\/app\/uploads\/2022\/12\/asian-development-bank_logo-294x300.png 294w\" sizes=\"(max-width: 300px) 100vw, 300px\" \/><\/a>\n<h4 class=\"pt-cv-title\"><a href=\"\" class=\"pt-cv-none cvplbd\" target=\"pt-cv-none\" >Banque asiatique de d\u00e9veloppement (BAD)<\/a><\/h4>\n<div class=\"pt-cv-ctf-list\" data-cvc=\"1\"><div class=\"col-md-12 pt-cv-ctf-column\"><div class=\"pt-cv-custom-fields pt-cv-ctf-official_website\"><div class=\"pt-cv-ctf-value\"><a href=\"https:\/\/www.adb.org\/\">Visiter le site web<\/a><\/div><\/div><\/div><\/div><\/div><\/div>\n<div class=\"col-md-4 col-sm-6 col-xs-12 pt-cv-content-item pt-cv-1-col\"  data-pid=\"987628819\"><div class='pt-cv-ifield'><a href=\"\" class=\"pt-cv-none pt-cv-href-thumbnail pt-cv-thumb-default cvplbd\" target=\"pt-cv-none\" ><img width=\"300\" height=\"293\" src=\"https:\/\/p4h.world\/app\/uploads\/2007\/06\/world-bank.png\" class=\"pt-cv-thumbnail img-none\" alt=\"Groupe de la Banque mondiale (GBM)\" decoding=\"async\" loading=\"lazy\" \/><\/a>\n<h4 class=\"pt-cv-title\"><a href=\"\" class=\"pt-cv-none cvplbd\" target=\"pt-cv-none\" >Groupe de la Banque mondiale (GBM)<\/a><\/h4>\n<div class=\"pt-cv-ctf-list\" data-cvc=\"1\"><div class=\"col-md-12 pt-cv-ctf-column\"><div class=\"pt-cv-custom-fields pt-cv-ctf-official_website\"><div class=\"pt-cv-ctf-value\"><a href=\"https:\/\/www.worldbank.org\">Visiter le site web<\/a><\/div><\/div><\/div><\/div><\/div><\/div>\n<div class=\"col-md-4 col-sm-6 col-xs-12 pt-cv-content-item pt-cv-1-col\"  data-pid=\"987628811\"><div class='pt-cv-ifield'><a href=\"\" class=\"pt-cv-none pt-cv-href-thumbnail pt-cv-thumb-default cvplbd\" target=\"pt-cv-none\" ><img width=\"300\" height=\"284\" src=\"https:\/\/p4h.world\/app\/uploads\/2007\/05\/who_member.png\" class=\"pt-cv-thumbnail img-none\" alt=\"Organisation mondiale de la sant\u00e9 (OMS)\" decoding=\"async\" loading=\"lazy\" \/><\/a>\n<h4 class=\"pt-cv-title\"><a href=\"\" class=\"pt-cv-none cvplbd\" target=\"pt-cv-none\" >Organisation mondiale de la sant\u00e9 (OMS)<\/a><\/h4>\n<div class=\"pt-cv-ctf-list\" data-cvc=\"1\"><div class=\"col-md-12 pt-cv-ctf-column\"><div class=\"pt-cv-custom-fields pt-cv-ctf-official_website\"><div class=\"pt-cv-ctf-value\"><a href=\"https:\/\/who.int\">Visiter le site web<\/a><\/div><\/div><\/div><\/div><\/div><\/div><\/div><\/div><\/div>\t\t\t<style type=\"text\/css\" id=\"pt-cv-inline-style-c21c8e2rx2\">#pt-cv-view-46c46c0vxm .pt-cv-specialp { background-color: #CC3333 !important }\n#pt-cv-view-46c46c0vxm .pt-cv-specialp * { color: #fff !important; }\n#pt-cv-view-46c46c0vxm .pt-cv-pficon  { color: #bbb !important; }\n#pt-cv-view-46c46c0vxm .pt-cv-readmore  { color: #ffffff !important; background-color: #ea3a32 !important; }\n#pt-cv-view-46c46c0vxm .pt-cv-readmore:hover  { color: #ffffff !important; background-color: #2d424c !important; }\n#pt-cv-view-46c46c0vxm  + .pt-cv-pagination-wrapper .pt-cv-more , #pt-cv-view-46c46c0vxm  + .pt-cv-pagination-wrapper .pagination .active a, .pt-cv-pagination[data-sid='46c46c0vxm'] .active a { color: #ffffff !important; background-color: #00aeef !important; }<\/style>\r\n\t\t\t[\/et_pb_code][\/et_pb_column][\/et_pb_row][et_pb_row _builder_version=&#8221;4.21.0&#8243; _module_preset=&#8221;default&#8221; global_colors_info=&#8221;{}&#8221;][et_pb_column type=&#8221;4_4&#8243; _builder_version=&#8221;4.21.0&#8243; _module_preset=&#8221;default&#8221; global_colors_info=&#8221;{}&#8221;][et_pb_code _builder_version=&#8221;4.21.0&#8243; _module_preset=&#8221;default&#8221; global_colors_info=&#8221;{}&#8221;]<div class=\"cfp-grid-wrapper\">\n    <div class=\"cfp-grid\" id=\"cfp-grid-69ec76ab8050f\">\n                    <div class=\"cfp-item\" data-title-html='<h3><span class=\"organization-icon\" style=\"background-image: url(https:\/\/p4h.world\/app\/uploads\/2022\/12\/logo-AECID-300.png);\"><\/span><\/h3><h3>Agence pour la coop\u00e9ration internationale au d\u00e9veloppement (AECID) &#8211; Espagne <\/h3>' data-body-html='<p>L&#8217;Agence espagnole de coop\u00e9ration internationale pour le d\u00e9veloppement (AECID) est la principale organisation qui g\u00e8re la coop\u00e9ration internationale espagnole pour le d\u00e9veloppement. Elle se consacre \u00e0 la lutte contre la pauvret\u00e9 et \u00e0 la promotion du d\u00e9veloppement humain durable dans les pays en d\u00e9veloppement. L&#8217;AECID travaille sous l&#8217;\u00e9gide du minist\u00e8re des Affaires \u00e9trang\u00e8res et dispose d&#8217;un r\u00e9seau de bureaux et de centres dans le monde entier. Elle a rejoint le r\u00e9seau P4H en juin 2011.   <\/p>\n' data-link-html='<a href=\"https:\/\/www.aecid.es\/en\/inicio\" class=\"go-to-country-page\">Visitez le site web&nbsp;<span class=\"et-pb-icon p4h-fs-24 p4h-va-middle\">$<\/span><\/a>' onclick='p4hMemberClick(this);'>\n                <div class=\"cfp-item-body\">\n                    <div class=\"cfp-image-wrapper\">\n                        <img decoding=\"async\" src=\"https:\/\/p4h.world\/app\/uploads\/2022\/12\/logo-AECID-300.png\" class=\"cfp-image\" \/>\n                    <\/div>\n                    <div class=\"cfp-details-wrapper\">\n                        <h5>Agence pour la coop\u00e9ration internationale au d\u00e9veloppement (AECID) &#8211; Espagne<\/h5>\n                        <!-- <h6 style=\"color: #4c7e96;\"><a href=\"https:\/\/www.aecid.es\/en\/inicio\" class=\"cfp-author-link\">Visitez le site web <\/a><\/h6> -->\n                    <\/div>\n                <\/div>\n            <\/div>\n                    <div class=\"cfp-item\" data-title-html='<h3><span class=\"organization-icon\" style=\"background-image: url(https:\/\/p4h.world\/app\/uploads\/2022\/12\/african-development-bank-group.png);\"><\/span><\/h3><h3>Banque africaine de d\u00e9veloppement (FAD) <\/h3>' data-body-html='<p>Le Fonds africain de d\u00e9veloppement (FAD) est l&#8217;organe de financement concessionnel du Groupe de la Banque africaine de d\u00e9veloppement. Il soutient le d\u00e9veloppement \u00e9conomique et social des pays africains les plus vuln\u00e9rables et les moins d\u00e9velopp\u00e9s en fournissant un financement concessionnel pour des projets et des programmes, ainsi qu&#8217;une assistance technique pour des \u00e9tudes et des activit\u00e9s de renforcement des capacit\u00e9s. Le FAD rejoindra le r\u00e9seau P4H en mai 20212.  <\/p>\n' data-link-html='<a href=\"https:\/\/www.afdb.org\/en\" class=\"go-to-country-page\">Visitez le site web&nbsp;<span class=\"et-pb-icon p4h-fs-24 p4h-va-middle\">$<\/span><\/a>' onclick='p4hMemberClick(this);'>\n                <div class=\"cfp-item-body\">\n                    <div class=\"cfp-image-wrapper\">\n                        <img decoding=\"async\" src=\"https:\/\/p4h.world\/app\/uploads\/2022\/12\/african-development-bank-group.png\" class=\"cfp-image\" \/>\n                    <\/div>\n                    <div class=\"cfp-details-wrapper\">\n                        <h5>Banque africaine de d\u00e9veloppement (FAD)<\/h5>\n                        <!-- <h6 style=\"color: #4c7e96;\"><a href=\"https:\/\/www.afdb.org\/en\" class=\"cfp-author-link\">Visitez le site web <\/a><\/h6> -->\n                    <\/div>\n                <\/div>\n            <\/div>\n                    <div class=\"cfp-item\" data-title-html='<h3><span class=\"organization-icon\" style=\"background-image: url(https:\/\/p4h.world\/app\/uploads\/2022\/12\/asian-development-bank_logo.png);\"><\/span><\/h3><h3>Banque asiatique de d\u00e9veloppement (BAD) <\/h3>' data-body-html='<p>La Banque asiatique de d\u00e9veloppement (BAD) est une banque multilat\u00e9rale de d\u00e9veloppement de premier plan qui soutient une croissance inclusive, r\u00e9siliente et durable en Asie et dans le Pacifique. Travaillant avec ses membres et ses partenaires pour r\u00e9soudre ensemble des d\u00e9fis complexes, la BAD exploite des outils financiers innovants et des partenariats strat\u00e9giques pour transformer des vies, construire des infrastructures de qualit\u00e9 et sauvegarder notre plan\u00e8te. Elle a rejoint le r\u00e9seau P4H en mai 2015.  <\/p>\n' data-link-html='<a href=\"https:\/\/www.adb.org\/\" class=\"go-to-country-page\">Visitez le site web&nbsp;<span class=\"et-pb-icon p4h-fs-24 p4h-va-middle\">$<\/span><\/a>' onclick='p4hMemberClick(this);'>\n                <div class=\"cfp-item-body\">\n                    <div class=\"cfp-image-wrapper\">\n                        <img decoding=\"async\" src=\"https:\/\/p4h.world\/app\/uploads\/2022\/12\/asian-development-bank_logo.png\" class=\"cfp-image\" \/>\n                    <\/div>\n                    <div class=\"cfp-details-wrapper\">\n                        <h5>Banque asiatique de d\u00e9veloppement (BAD)<\/h5>\n                        <!-- <h6 style=\"color: #4c7e96;\"><a href=\"https:\/\/www.adb.org\/\" class=\"cfp-author-link\">Visitez le site web <\/a><\/h6> -->\n                    <\/div>\n                <\/div>\n            <\/div>\n                    <div class=\"cfp-item\" data-title-html='<h3><span class=\"organization-icon\" style=\"background-image: url(https:\/\/p4h.world\/app\/uploads\/2022\/12\/ceb_logo.png);\"><\/span><\/h3><h3>Banque de d\u00e9veloppement du Conseil de l&#8217;Europe (CEB) <\/h3>' data-body-html='<p>La Banque de d\u00e9veloppement du Conseil de l&#8217;Europe (CEB) est une banque multilat\u00e9rale de d\u00e9veloppement \u00e0 vocation sociale, cr\u00e9\u00e9e en 1956 pour r\u00e9pondre au probl\u00e8me des r\u00e9fugi\u00e9s. Sa fonction premi\u00e8re est de promouvoir la coh\u00e9sion sociale en Europe en finan\u00e7ant des investissements dans les secteurs sociaux, en particulier ceux qui b\u00e9n\u00e9ficient aux groupes vuln\u00e9rables. Elle rejoint le r\u00e9seau P4H en septembre 2018.  <\/p>\n' data-link-html='<a href=\"https:\/\/coebank.org\/en\/\" class=\"go-to-country-page\">Visitez le site web&nbsp;<span class=\"et-pb-icon p4h-fs-24 p4h-va-middle\">$<\/span><\/a>' onclick='p4hMemberClick(this);'>\n                <div class=\"cfp-item-body\">\n                    <div class=\"cfp-image-wrapper\">\n                        <img decoding=\"async\" src=\"https:\/\/p4h.world\/app\/uploads\/2022\/12\/ceb_logo.png\" class=\"cfp-image\" \/>\n                    <\/div>\n                    <div class=\"cfp-details-wrapper\">\n                        <h5>Banque de d\u00e9veloppement du Conseil de l&#8217;Europe (CEB)<\/h5>\n                        <!-- <h6 style=\"color: #4c7e96;\"><a href=\"https:\/\/coebank.org\/en\/\" class=\"cfp-author-link\">Visitez le site web <\/a><\/h6> -->\n                    <\/div>\n                <\/div>\n            <\/div>\n                    <div class=\"cfp-item\" data-title-html='<h3><span class=\"organization-icon\" style=\"background-image: url(https:\/\/p4h.world\/app\/uploads\/2022\/12\/nrchd_logo.png);\"><\/span><\/h3><h3>Caisse d&#8217;assurance maladie &#8211; Kazakhstan <\/h3>' data-body-html='<p>[et_pb_section fb_built=&#8221;1&#8243; _builder_version=&#8221;4.16&#8243; global_colors_info=&#8221;{}&#8221;][et_pb_row _builder_version=&#8221;4.16&#8243; background_size=&#8221;initial&#8221; background_position=&#8221;top_left&#8221; background_repeat=&#8221;repeat&#8221; global_colors_info=&#8221;{}&#8221;][et_pb_column type=&#8221;4_4&#8243; _builder_version=&#8221;4.16&#8243; custom_padding=&#8221;|||&#8221; global_colors_info=&#8221;{}&#8221; custom_padding__hover=&#8221;|||&#8221;][et_pb_text _builder_version=&#8221;4.21.0&#8243; _module_preset=&#8221;default&#8221; hover_enabled=&#8221;0&#8243; global_colors_info=&#8221;{}&#8221; sticky_enabled=&#8221;0&#8243;]Le fonds d&#8217;assurance m\u00e9dicale (CSHI) repose sur le principe de la responsabilit\u00e9 conjointe pour la sant\u00e9 de chaque citoyen du Kazakhstan. Pour un fonctionnement efficace, la participation de l&#8217;\u00c9tat, des employeurs et des citoyens est tout aussi importante. Elle a rejoint le r\u00e9seau P4H en janvier 2017.[\/et_pb_text][\/et_pb_column][\/et_pb_row][\/et_pb_section]<\/p>\n' data-link-html='<a href=\"https:\/\/msqory.kz\/en\/\" class=\"go-to-country-page\">Visitez le site web&nbsp;<span class=\"et-pb-icon p4h-fs-24 p4h-va-middle\">$<\/span><\/a>' onclick='p4hMemberClick(this);'>\n                <div class=\"cfp-item-body\">\n                    <div class=\"cfp-image-wrapper\">\n                        <img decoding=\"async\" src=\"https:\/\/p4h.world\/app\/uploads\/2022\/12\/nrchd_logo.png\" class=\"cfp-image\" \/>\n                    <\/div>\n                    <div class=\"cfp-details-wrapper\">\n                        <h5>Caisse d&#8217;assurance maladie &#8211; Kazakhstan<\/h5>\n                        <!-- <h6 style=\"color: #4c7e96;\"><a href=\"https:\/\/msqory.kz\/en\/\" class=\"cfp-author-link\">Visitez le site web <\/a><\/h6> -->\n                    <\/div>\n                <\/div>\n            <\/div>\n                    <div class=\"cfp-item\" data-title-html='<h3><span class=\"organization-icon\" style=\"background-image: url(https:\/\/p4h.world\/app\/uploads\/2022\/12\/CHQAC-russian-feder_logo.jpeg);\"><\/span><\/h3><h3>Centre d&#8217;\u00e9valuation et de contr\u00f4le de la qualit\u00e9 des soins de sant\u00e9 (CHQAC) &#8211; F\u00e9d\u00e9ration de Russie <\/h3>' data-body-html='<p>Le Centre d&#8217;\u00e9valuation et de contr\u00f4le de la qualit\u00e9 des soins de sant\u00e9 (CHQAC) du minist\u00e8re de la Sant\u00e9 de la F\u00e9d\u00e9ration de Russie est une institution sp\u00e9cialis\u00e9e qui fournit une expertise, des informations et un soutien m\u00e9thodologique dans la mise en \u0153uvre de la politique des soins de sant\u00e9. Il se concentre sur l&#8217;organisation des soins de sant\u00e9, la gestion, le financement, l&#8217;expertise, le contr\u00f4le de la qualit\u00e9, l&#8217;\u00e9valuation des technologies de sant\u00e9 (ETS) et la num\u00e9risation des soins de sant\u00e9. Il rejoint le r\u00e9seau P4H en juillet 2018.  <\/p>\n' data-link-html='<a href=\"https:\/\/rosmedex.ru\/eng\" class=\"go-to-country-page\">Visitez le site web&nbsp;<span class=\"et-pb-icon p4h-fs-24 p4h-va-middle\">$<\/span><\/a>' onclick='p4hMemberClick(this);'>\n                <div class=\"cfp-item-body\">\n                    <div class=\"cfp-image-wrapper\">\n                        <img decoding=\"async\" src=\"https:\/\/p4h.world\/app\/uploads\/2022\/12\/CHQAC-russian-feder_logo.jpeg\" class=\"cfp-image\" \/>\n                    <\/div>\n                    <div class=\"cfp-details-wrapper\">\n                        <h5>Centre d&#8217;\u00e9valuation et de contr\u00f4le de la qualit\u00e9 des soins de sant\u00e9 (CHQAC) &#8211; F\u00e9d\u00e9ration de Russie<\/h5>\n                        <!-- <h6 style=\"color: #4c7e96;\"><a href=\"https:\/\/rosmedex.ru\/eng\" class=\"cfp-author-link\">Visitez le site web <\/a><\/h6> -->\n                    <\/div>\n                <\/div>\n            <\/div>\n                    <div class=\"cfp-item\" data-title-html='<h3><span class=\"organization-icon\" style=\"background-image: url(https:\/\/p4h.world\/app\/uploads\/2023\/04\/ANU_logo.png);\"><\/span><\/h3><h3>Coll\u00e8ge de sant\u00e9 et de m\u00e9decine de l&#8217;Universit\u00e9 nationale australienne (ANU-CHM) <\/h3>' data-body-html='<p>L&#8217;Australian National University College of Health and Medicine (ANU-CHM) est un ancien coll\u00e8ge universitaire cr\u00e9\u00e9 en 2017. Il englobe l&#8217;\u00e9cole de m\u00e9decine de l&#8217;ANU, l&#8217;\u00e9cole de recherche m\u00e9dicale John Curtin, l&#8217;\u00e9cole de recherche sur la sant\u00e9 des populations et l&#8217;\u00e9cole de recherche en psychologie. L&#8217;ANU-CHM rejoindra le r\u00e9seau P4H en avril 2022.  <\/p>\n' data-link-html='<a href=\"https:\/\/www.anu.edu.au\/\" class=\"go-to-country-page\">Visitez le site web&nbsp;<span class=\"et-pb-icon p4h-fs-24 p4h-va-middle\">$<\/span><\/a>' onclick='p4hMemberClick(this);'>\n                <div class=\"cfp-item-body\">\n                    <div class=\"cfp-image-wrapper\">\n                        <img decoding=\"async\" src=\"https:\/\/p4h.world\/app\/uploads\/2023\/04\/ANU_logo.png\" class=\"cfp-image\" \/>\n                    <\/div>\n                    <div class=\"cfp-details-wrapper\">\n                        <h5>Coll\u00e8ge de sant\u00e9 et de m\u00e9decine de l&#8217;Universit\u00e9 nationale australienne (ANU-CHM)<\/h5>\n                        <!-- <h6 style=\"color: #4c7e96;\"><a href=\"https:\/\/www.anu.edu.au\/\" class=\"cfp-author-link\">Visitez le site web <\/a><\/h6> -->\n                    <\/div>\n                <\/div>\n            <\/div>\n                    <div class=\"cfp-item\" data-title-html='<h3><span class=\"organization-icon\" style=\"background-image: url(https:\/\/p4h.world\/app\/uploads\/2022\/12\/eda_logo.png);\"><\/span><\/h3><h3>D\u00e9partement f\u00e9d\u00e9ral des affaires \u00e9trang\u00e8res (DFAE) &#8211; Suisse <\/h3>' data-body-html='<p>[et_pb_section fb_built=&#8221;1&#8243; _builder_version=&#8221;4.16&#8243; global_colors_info=&#8221;{}&#8221;][et_pb_row _builder_version=&#8221;4.16&#8243; background_size=&#8221;initial&#8221; background_position=&#8221;top_left&#8221; background_repeat=&#8221;repeat&#8221; global_colors_info=&#8221;{}&#8221;][et_pb_column type=&#8221;4_4&#8243; _builder_version=&#8221;4.16&#8243; custom_padding=&#8221;|||&#8221; global_colors_info=&#8221;{}&#8221; custom_padding__hover=&#8221;|||&#8221;][et_pb_text _builder_version=&#8221;4.21.0&#8243; _module_preset=&#8221;default&#8221; hover_enabled=&#8221;0&#8243; global_colors_info=&#8221;{}&#8221; sticky_enabled=&#8221;0&#8243;]<\/p>\n<p>Le D\u00e9partement f\u00e9d\u00e9ral des affaires \u00e9trang\u00e8res (DFAE) &#8211; Eidgen\u00f6ssisches Departement f\u00fcr ausw\u00e4rtige Angelegenheiten (EDA) &#8211; est le minist\u00e8re suisse des affaires \u00e9trang\u00e8res. Il g\u00e8re les relations diplomatiques, promeut les int\u00e9r\u00eats suisses \u00e0 l&#8217;\u00e9tranger, fournit des services consulaires, soutient la coop\u00e9ration au d\u00e9veloppement et d\u00e9fend la paix, les droits de l&#8217;homme et le droit international. Il a rejoint le r\u00e9seau P4H en f\u00e9vrier 2011.  <\/p>\n<p>[\/et_pb_text][\/et_pb_column][\/et_pb_row][\/et_pb_section]<\/p>\n' data-link-html='<a href=\"https:\/\/www.eda.admin.ch\/eda\/en\/fdfa.html\" class=\"go-to-country-page\">Visitez le site web&nbsp;<span class=\"et-pb-icon p4h-fs-24 p4h-va-middle\">$<\/span><\/a>' onclick='p4hMemberClick(this);'>\n                <div class=\"cfp-item-body\">\n                    <div class=\"cfp-image-wrapper\">\n                        <img decoding=\"async\" src=\"https:\/\/p4h.world\/app\/uploads\/2022\/12\/eda_logo.png\" class=\"cfp-image\" \/>\n                    <\/div>\n                    <div class=\"cfp-details-wrapper\">\n                        <h5>D\u00e9partement f\u00e9d\u00e9ral des affaires \u00e9trang\u00e8res (DFAE) &#8211; Suisse<\/h5>\n                        <!-- <h6 style=\"color: #4c7e96;\"><a href=\"https:\/\/www.eda.admin.ch\/eda\/en\/fdfa.html\" class=\"cfp-author-link\">Visitez le site web <\/a><\/h6> -->\n                    <\/div>\n                <\/div>\n            <\/div>\n                    <div class=\"cfp-item\" data-title-html='<h3><span class=\"organization-icon\" style=\"background-image: url(https:\/\/p4h.world\/app\/uploads\/2022\/12\/fudan_logo1.png);\"><\/span><\/h3><h3>\u00c9cole de sant\u00e9 publique de l&#8217;universit\u00e9 de Fudan (FUSPH) &#8211; Shanghai <\/h3>' data-body-html='<p>L&#8217;\u00c9cole de sant\u00e9 publique de l&#8217;Universit\u00e9 Fudan, fond\u00e9e en 1928, est la plus ancienne universit\u00e9 de ce type en Chine et est depuis longtemps un leader national de la sant\u00e9 publique. Elle a rejoint le r\u00e9seau P4H en juillet 2018. <\/p>\n' data-link-html='<a href=\"http:\/\/sph.fudan.edu.cn\/\" class=\"go-to-country-page\">Visitez le site web&nbsp;<span class=\"et-pb-icon p4h-fs-24 p4h-va-middle\">$<\/span><\/a>' onclick='p4hMemberClick(this);'>\n                <div class=\"cfp-item-body\">\n                    <div class=\"cfp-image-wrapper\">\n                        <img decoding=\"async\" src=\"https:\/\/p4h.world\/app\/uploads\/2022\/12\/fudan_logo1.png\" class=\"cfp-image\" \/>\n                    <\/div>\n                    <div class=\"cfp-details-wrapper\">\n                        <h5>\u00c9cole de sant\u00e9 publique de l&#8217;universit\u00e9 de Fudan (FUSPH) &#8211; Shanghai<\/h5>\n                        <!-- <h6 style=\"color: #4c7e96;\"><a href=\"http:\/\/sph.fudan.edu.cn\/\" class=\"cfp-author-link\">Visitez le site web <\/a><\/h6> -->\n                    <\/div>\n                <\/div>\n            <\/div>\n                    <div class=\"cfp-item\" data-title-html='<h3><span class=\"organization-icon\" style=\"background-image: url(https:\/\/p4h.world\/app\/uploads\/2022\/12\/snu_member.png);\"><\/span><\/h3><h3>\u00c9cole de sant\u00e9 publique de l&#8217;universit\u00e9 nationale de S\u00e9oul (SNU SPH) &#8211; S\u00e9oul <\/h3>' data-body-html='<p>L&#8217;\u00c9cole sup\u00e9rieure de sant\u00e9 publique de l&#8217;universit\u00e9 nationale de S\u00e9oul (SNU GSPH) est un \u00e9tablissement de premier plan en Cor\u00e9e du Sud, qui se consacre \u00e0 l&#8217;avancement de l&#8217;enseignement et de la recherche en mati\u00e8re de sant\u00e9 publique. Elle propose des programmes d&#8217;\u00e9tudes sup\u00e9rieures complets, y compris des masters et des doctorats, dans diverses disciplines telles que les sciences de la sant\u00e9 publique, les sciences de la sant\u00e9 environnementale et la gestion et la politique des soins de sant\u00e9. Le SNU SPH a rejoint le r\u00e9seau P4H en septembre 2017.  <\/p>\n' data-link-html='<a href=\"https:\/\/health.snu.ac.kr\" class=\"go-to-country-page\">Visitez le site web&nbsp;<span class=\"et-pb-icon p4h-fs-24 p4h-va-middle\">$<\/span><\/a>' onclick='p4hMemberClick(this);'>\n                <div class=\"cfp-item-body\">\n                    <div class=\"cfp-image-wrapper\">\n                        <img decoding=\"async\" src=\"https:\/\/p4h.world\/app\/uploads\/2022\/12\/snu_member.png\" class=\"cfp-image\" \/>\n                    <\/div>\n                    <div class=\"cfp-details-wrapper\">\n                        <h5>\u00c9cole de sant\u00e9 publique de l&#8217;universit\u00e9 nationale de S\u00e9oul (SNU SPH) &#8211; S\u00e9oul<\/h5>\n                        <!-- <h6 style=\"color: #4c7e96;\"><a href=\"https:\/\/health.snu.ac.kr\" class=\"cfp-author-link\">Visitez le site web <\/a><\/h6> -->\n                    <\/div>\n                <\/div>\n            <\/div>\n                    <div class=\"cfp-item\" data-title-html='<h3><span class=\"organization-icon\" style=\"background-image: url(https:\/\/p4h.world\/app\/uploads\/2022\/12\/global-financing-facility_logo1.png);\"><\/span><\/h3><h3>Facilit\u00e9 de financement mondiale (GFF) <\/h3>' data-body-html='<p>Le M\u00e9canisme de financement mondial (GFF) est un partenariat dirig\u00e9 par les pays, h\u00e9berg\u00e9 par la <a href=\"https:\/\/www.globalfinancingfacility.org\/partnership\/world-bank-group\">Banque mondiale<\/a>, qui lutte contre la pauvret\u00e9 et les in\u00e9galit\u00e9s en faisant progresser la sant\u00e9 et les droits des femmes, des enfants et des adolescents. Pour ce faire, il aide les pays \u00e0 renforcer leurs syst\u00e8mes de sant\u00e9 et \u00e0 am\u00e9liorer l&#8217;acc\u00e8s aux soins gr\u00e2ce \u00e0 des plans prioritaires, \u00e0 des financements publics et priv\u00e9s harmonis\u00e9s et \u00e0 des r\u00e9formes politiques. Le GFF a rejoint le r\u00e9seau P4H en juillet 2018.  <\/p>\n' data-link-html='<a href=\"https:\/\/www.globalfinancingfacility.org\/\" class=\"go-to-country-page\">Visitez le site web&nbsp;<span class=\"et-pb-icon p4h-fs-24 p4h-va-middle\">$<\/span><\/a>' onclick='p4hMemberClick(this);'>\n                <div class=\"cfp-item-body\">\n                    <div class=\"cfp-image-wrapper\">\n                        <img decoding=\"async\" src=\"https:\/\/p4h.world\/app\/uploads\/2022\/12\/global-financing-facility_logo1.png\" class=\"cfp-image\" \/>\n                    <\/div>\n                    <div class=\"cfp-details-wrapper\">\n                        <h5>Facilit\u00e9 de financement mondiale (GFF)<\/h5>\n                        <!-- <h6 style=\"color: #4c7e96;\"><a href=\"https:\/\/www.globalfinancingfacility.org\/\" class=\"cfp-author-link\">Visitez le site web <\/a><\/h6> -->\n                    <\/div>\n                <\/div>\n            <\/div>\n                    <div class=\"cfp-item\" data-title-html='<h3><span class=\"organization-icon\" style=\"background-image: url(https:\/\/p4h.world\/app\/uploads\/2007\/06\/world-bank.png);\"><\/span><\/h3><h3>Groupe de la Banque mondiale (GBM) <\/h3>' data-body-html='<p>[et_pb_section fb_built=&#8221;1&#8243; _builder_version=&#8221;4.16&#8243; global_colors_info=&#8221;{}&#8221;][et_pb_row _builder_version=&#8221;4.16&#8243; background_size=&#8221;initial&#8221; background_position=&#8221;top_left&#8221; background_repeat=&#8221;repeat&#8221; global_colors_info=&#8221;{}&#8221;][et_pb_column type=&#8221;4_4&#8243; _builder_version=&#8221;4.16&#8243; custom_padding=&#8221;|||&#8221; global_colors_info=&#8221;{}&#8221; custom_padding__hover=&#8221;|||&#8221;][et_pb_text _builder_version=&#8221;4.21.0&#8243; _module_preset=&#8221;default&#8221; hover_enabled=&#8221;0&#8243; global_colors_info=&#8221;{}&#8221; sticky_enabled=&#8221;0&#8243;]<\/p>\n<p>Le Groupe de la Banque mondiale est une organisation financi\u00e8re internationale compos\u00e9e de cinq institutions : la Banque internationale pour la reconstruction et le d\u00e9veloppement (BIRD), l&#8217;Association internationale de d\u00e9veloppement (IDA), la Soci\u00e9t\u00e9 financi\u00e8re internationale (SFI), l&#8217;Agence multilat\u00e9rale de garantie des investissements (AMGI) et le Centre international pour le r\u00e8glement des diff\u00e9rends relatifs aux investissements (CIRDI). Son objectif principal est de lutter contre la pauvret\u00e9 et d&#8217;am\u00e9liorer les conditions de vie dans les pays en d\u00e9veloppement par le biais du d\u00e9veloppement durable. Elle a rejoint le r\u00e9seau P4H en juin 2007.  <\/p>\n<p>[\/et_pb_text][\/et_pb_column][\/et_pb_row][\/et_pb_section]<\/p>\n' data-link-html='<a href=\"https:\/\/www.worldbank.org\" class=\"go-to-country-page\">Visitez le site web&nbsp;<span class=\"et-pb-icon p4h-fs-24 p4h-va-middle\">$<\/span><\/a>' onclick='p4hMemberClick(this);'>\n                <div class=\"cfp-item-body\">\n                    <div class=\"cfp-image-wrapper\">\n                        <img decoding=\"async\" src=\"https:\/\/p4h.world\/app\/uploads\/2007\/06\/world-bank.png\" class=\"cfp-image\" \/>\n                    <\/div>\n                    <div class=\"cfp-details-wrapper\">\n                        <h5>Groupe de la Banque mondiale (GBM)<\/h5>\n                        <!-- <h6 style=\"color: #4c7e96;\"><a href=\"https:\/\/www.worldbank.org\" class=\"cfp-author-link\">Visitez le site web <\/a><\/h6> -->\n                    <\/div>\n                <\/div>\n            <\/div>\n                    <div class=\"cfp-item\" data-title-html='<h3><span class=\"organization-icon\" style=\"background-image: url(https:\/\/p4h.world\/app\/uploads\/2023\/04\/costa-rican-social-security-fund_member.png);\"><\/span><\/h3><h3>La Caisse nationale de s\u00e9curit\u00e9 sociale du Costa Rica (CCSS) <\/h3>' data-body-html='<p>La Caisse costaricienne de s\u00e9curit\u00e9 sociale (Caja Costarricense de Seguro Social, CCSS) est responsable de la majeure partie du secteur de la sant\u00e9 publique du pays. Son r\u00f4le en mati\u00e8re de sant\u00e9 publique est essentiel au Costa Rica, car elle joue un r\u00f4le important dans l&#8217;\u00e9laboration de la politique nationale de sant\u00e9 de l&#8217;\u00c9tat. La CCSS rejoindra le r\u00e9seau P4H en ao\u00fbt 2022.  <\/p>\n' data-link-html='<a href=\"https:\/\/www.ccss.sa.cr\/\" class=\"go-to-country-page\">Visitez le site web&nbsp;<span class=\"et-pb-icon p4h-fs-24 p4h-va-middle\">$<\/span><\/a>' onclick='p4hMemberClick(this);'>\n                <div class=\"cfp-item-body\">\n                    <div class=\"cfp-image-wrapper\">\n                        <img decoding=\"async\" src=\"https:\/\/p4h.world\/app\/uploads\/2023\/04\/costa-rican-social-security-fund_member.png\" class=\"cfp-image\" \/>\n                    <\/div>\n                    <div class=\"cfp-details-wrapper\">\n                        <h5>La Caisse nationale de s\u00e9curit\u00e9 sociale du Costa Rica (CCSS)<\/h5>\n                        <!-- <h6 style=\"color: #4c7e96;\"><a href=\"https:\/\/www.ccss.sa.cr\/\" class=\"cfp-author-link\">Visitez le site web <\/a><\/h6> -->\n                    <\/div>\n                <\/div>\n            <\/div>\n                    <div class=\"cfp-item\" data-title-html='<h3><span class=\"organization-icon\" style=\"background-image: url(https:\/\/p4h.world\/app\/uploads\/2022\/12\/the-global-fund_member.png);\"><\/span><\/h3><h3>Le Fonds mondial <\/h3>' data-body-html='<p>[et_pb_section fb_built=&#8221;1&#8243; _builder_version=&#8221;4.16&#8243; global_colors_info=&#8221;{}&#8221;][et_pb_row _builder_version=&#8221;4.16&#8243; background_size=&#8221;initial&#8221; background_position=&#8221;top_left&#8221; background_repeat=&#8221;repeat&#8221; global_colors_info=&#8221;{}&#8221;][et_pb_column type=&#8221;4_4&#8243; _builder_version=&#8221;4.16&#8243; custom_padding=&#8221;|||&#8221; global_colors_info=&#8221;{}&#8221; custom_padding__hover=&#8221;|||&#8221;][et_pb_text _builder_version=&#8221;4.21.0&#8243; _module_preset=&#8221;default&#8221; hover_enabled=&#8221;0&#8243; global_colors_info=&#8221;{}&#8221; sticky_enabled=&#8221;0&#8243;]<\/p>\n<p>Le Fonds mondial est un partenariat mondial visant \u00e0 vaincre le VIH, la tuberculose et le paludisme et \u00e0 garantir un avenir plus sain, plus s\u00fbr et plus \u00e9quitable pour tous. Il collecte et investit plus de 5 milliards de dollars par an pour lutter contre les maladies infectieuses mortelles, combattre l&#8217;injustice qui les alimente et renforcer les syst\u00e8mes de sant\u00e9 et la pr\u00e9paration aux pand\u00e9mies dans plus de 100 des pays les plus durement touch\u00e9s. Le Fonds mondial rejoint le r\u00e9seau P4H en avril 2015.  <\/p>\n<p>[\/et_pb_text][\/et_pb_column][\/et_pb_row][\/et_pb_section]<\/p>\n' data-link-html='<a href=\"https:\/\/www.theglobalfund.org\/en\/\" class=\"go-to-country-page\">Visitez le site web&nbsp;<span class=\"et-pb-icon p4h-fs-24 p4h-va-middle\">$<\/span><\/a>' onclick='p4hMemberClick(this);'>\n                <div class=\"cfp-item-body\">\n                    <div class=\"cfp-image-wrapper\">\n                        <img decoding=\"async\" src=\"https:\/\/p4h.world\/app\/uploads\/2022\/12\/the-global-fund_member.png\" class=\"cfp-image\" \/>\n                    <\/div>\n                    <div class=\"cfp-details-wrapper\">\n                        <h5>Le Fonds mondial<\/h5>\n                        <!-- <h6 style=\"color: #4c7e96;\"><a href=\"https:\/\/www.theglobalfund.org\/en\/\" class=\"cfp-author-link\">Visitez le site web <\/a><\/h6> -->\n                    <\/div>\n                <\/div>\n            <\/div>\n                    <div class=\"cfp-item\" data-title-html='<h3><span class=\"organization-icon\" style=\"background-image: url(https:\/\/p4h.world\/app\/uploads\/2022\/12\/mofa-france_logo.png);\"><\/span><\/h3><h3>Minist\u00e8re de l&#8217;Europe et des Affaires \u00e9trang\u00e8res (MAE) &#8211; France <\/h3>' data-body-html='<p>[et_pb_section fb_built=&#8221;1&#8243; admin_label=&#8221;section&#8221; _builder_version=&#8221;4.16&#8243; global_colors_info=&#8221;{}&#8221;][et_pb_row admin_label=&#8221;rang\u00e9e&#8221; _builder_version=&#8221;4.16&#8243; background_size=&#8221;initial&#8221; background_position=&#8221;top_left&#8221; background_repeat=&#8221;repeat&#8221; global_colors_info=&#8221;{}&#8221;][et_pb_column type=&#8221;4_4&#8243; _builder_version=&#8221;4.16&#8243; custom_padding=&#8221;|||&#8221; global_colors_info=&#8221;{}&#8221; custom_padding__hover=&#8221;|||&#8221;][et_pb_text _builder_version=&#8221;4.21.0&#8243; _module_preset=&#8221;default&#8221; hover_enabled=&#8221;0&#8243; global_colors_info=&#8221;{}&#8221; sticky_enabled=&#8221;0&#8243;]<\/p>\n<p>Le minist\u00e8re fran\u00e7ais de l&#8217;Europe et des Affaires \u00e9trang\u00e8res (MAE) joue un r\u00f4le important dans la promotion des initiatives de sant\u00e9 mondiale et le soutien \u00e0 la s\u00e9curit\u00e9 sanitaire internationale. Pour relever les grands d\u00e9fis de la sant\u00e9 mondiale, la France pr\u00e9conise une approche fond\u00e9e sur les principes et les valeurs de solidarit\u00e9 et de promotion des droits de l&#8217;homme, conform\u00e9ment \u00e0 la Constitution de l&#8217;Organisation mondiale de la sant\u00e9 (OMS). Le minist\u00e8re des Affaires \u00e9trang\u00e8res a rejoint le r\u00e9seau P4H en juin 2007.  <\/p>\n<p>[\/et_pb_text][\/et_pb_column][\/et_pb_row][\/et_pb_section]<\/p>\n' data-link-html='<a href=\"https:\/\/www.diplomatie.gouv.fr\/en\/\" class=\"go-to-country-page\">Visitez le site web&nbsp;<span class=\"et-pb-icon p4h-fs-24 p4h-va-middle\">$<\/span><\/a>' onclick='p4hMemberClick(this);'>\n                <div class=\"cfp-item-body\">\n                    <div class=\"cfp-image-wrapper\">\n                        <img decoding=\"async\" src=\"https:\/\/p4h.world\/app\/uploads\/2022\/12\/mofa-france_logo.png\" class=\"cfp-image\" \/>\n                    <\/div>\n                    <div class=\"cfp-details-wrapper\">\n                        <h5>Minist\u00e8re de l&#8217;Europe et des Affaires \u00e9trang\u00e8res (MAE) &#8211; France<\/h5>\n                        <!-- <h6 style=\"color: #4c7e96;\"><a href=\"https:\/\/www.diplomatie.gouv.fr\/en\/\" class=\"cfp-author-link\">Visitez le site web <\/a><\/h6> -->\n                    <\/div>\n                <\/div>\n            <\/div>\n                    <div class=\"cfp-item\" data-title-html='<h3><span class=\"organization-icon\" style=\"background-image: url(https:\/\/p4h.world\/app\/uploads\/2022\/12\/moh_morocco.png);\"><\/span><\/h3><h3>Minist\u00e8re de la sant\u00e9 (MoH) &#8211; Maroc <\/h3>' data-body-html='<p>[et_pb_section fb_built=&#8221;1&#8243; _builder_version=&#8221;4.16&#8243; global_colors_info=&#8221;{}&#8221;][et_pb_row _builder_version=&#8221;4.16&#8243; background_size=&#8221;initial&#8221; background_position=&#8221;top_left&#8221; background_repeat=&#8221;repeat&#8221; global_colors_info=&#8221;{}&#8221;][et_pb_column type=&#8221;4_4&#8243; _builder_version=&#8221;4.16&#8243; custom_padding=&#8221;|||&#8221; global_colors_info=&#8221;{}&#8221; custom_padding__hover=&#8221;|||&#8221;][et_pb_text _builder_version=&#8221;4.21.0&#8243; _module_preset=&#8221;default&#8221; hover_enabled=&#8221;0&#8243; sticky_enabled=&#8221;0&#8243;]<\/p>\n<p>Le minist\u00e8re de la Sant\u00e9 est le minist\u00e8re marocain charg\u00e9 de la mise en \u0153uvre des politiques gouvernementales relatives \u00e0 la sant\u00e9 des citoyens. Il a \u00e9t\u00e9 cr\u00e9\u00e9 en 1955 lors de la mise en place du premier gouvernement marocain apr\u00e8s l&#8217;ind\u00e9pendance. Il a rejoint le r\u00e9seau P4H en f\u00e9vrier 2017.  <\/p>\n<p>[\/et_pb_text][\/et_pb_column][\/et_pb_row][\/et_pb_section]<\/p>\n' data-link-html='<a href=\"https:\/\/www.sante.gov.ma\" class=\"go-to-country-page\">Visitez le site web&nbsp;<span class=\"et-pb-icon p4h-fs-24 p4h-va-middle\">$<\/span><\/a>' onclick='p4hMemberClick(this);'>\n                <div class=\"cfp-item-body\">\n                    <div class=\"cfp-image-wrapper\">\n                        <img decoding=\"async\" src=\"https:\/\/p4h.world\/app\/uploads\/2022\/12\/moh_morocco.png\" class=\"cfp-image\" \/>\n                    <\/div>\n                    <div class=\"cfp-details-wrapper\">\n                        <h5>Minist\u00e8re de la sant\u00e9 (MoH) &#8211; Maroc<\/h5>\n                        <!-- <h6 style=\"color: #4c7e96;\"><a href=\"https:\/\/www.sante.gov.ma\" class=\"cfp-author-link\">Visitez le site web <\/a><\/h6> -->\n                    <\/div>\n                <\/div>\n            <\/div>\n                    <div class=\"cfp-item\" data-title-html='<h3><span class=\"organization-icon\" style=\"background-image: url(https:\/\/p4h.world\/app\/uploads\/2023\/04\/moph.png);\"><\/span><\/h3><h3>Minist\u00e8re de la sant\u00e9 publique (MOPH) de Tha\u00eflande <\/h3>' data-body-html='<p>Le minist\u00e8re de la sant\u00e9 publique (MOPH) a \u00e9t\u00e9 cr\u00e9\u00e9 en 1942 en vertu de la loi sur la r\u00e9organisation des minist\u00e8res, des sous-minist\u00e8res et des d\u00e9partements (Reorganization of Ministries, Sub-Ministries and Departments Act), B.E. 2485 (1942). Le MOPH est l&#8217;autorit\u00e9 sanitaire nationale responsable de la formulation, de la mise en \u0153uvre, du suivi et de l&#8217;\u00e9valuation des politiques li\u00e9es \u00e0 la sant\u00e9. Il a \u00e9galement une fonction de r\u00e9gulation, de protection des consommateurs, de mise en \u0153uvre des lois de sant\u00e9 publique et de prestation de services de sant\u00e9, qui comprennent la promotion de la sant\u00e9, la pr\u00e9vention, le contr\u00f4le des maladies, le traitement et la r\u00e9adaptation. Le MOPH rejoindra le r\u00e9seau P4H en octobre 2021.   <\/p>\n' data-link-html='<a href=\"http:\/\/www.moph.go.th\/\" class=\"go-to-country-page\">Visitez le site web&nbsp;<span class=\"et-pb-icon p4h-fs-24 p4h-va-middle\">$<\/span><\/a>' onclick='p4hMemberClick(this);'>\n                <div class=\"cfp-item-body\">\n                    <div class=\"cfp-image-wrapper\">\n                        <img decoding=\"async\" src=\"https:\/\/p4h.world\/app\/uploads\/2023\/04\/moph.png\" class=\"cfp-image\" \/>\n                    <\/div>\n                    <div class=\"cfp-details-wrapper\">\n                        <h5>Minist\u00e8re de la sant\u00e9 publique (MOPH) de Tha\u00eflande<\/h5>\n                        <!-- <h6 style=\"color: #4c7e96;\"><a href=\"http:\/\/www.moph.go.th\/\" class=\"cfp-author-link\">Visitez le site web <\/a><\/h6> -->\n                    <\/div>\n                <\/div>\n            <\/div>\n                    <div class=\"cfp-item\" data-title-html='<h3><span class=\"organization-icon\" style=\"background-image: url(https:\/\/p4h.world\/app\/uploads\/2023\/04\/federal-ministry-economic-cooperation-development_logo.png);\"><\/span><\/h3><h3>Minist\u00e8re f\u00e9d\u00e9ral de la coop\u00e9ration \u00e9conomique et du d\u00e9veloppement (BMZ) &#8211; Allemagne <\/h3>' data-body-html='<p>Le minist\u00e8re f\u00e9d\u00e9ral de la Coop\u00e9ration \u00e9conomique et du D\u00e9veloppement (BMZ) est un minist\u00e8re du gouvernement f\u00e9d\u00e9ral allemand responsable de la politique de d\u00e9veloppement et de la coop\u00e9ration internationale de l&#8217;Allemagne. Il a rejoint le r\u00e9seau P4H en juin 2007. <\/p>\n' data-link-html='<a href=\"https:\/\/www.bmz.de\/en\" class=\"go-to-country-page\">Visitez le site web&nbsp;<span class=\"et-pb-icon p4h-fs-24 p4h-va-middle\">$<\/span><\/a>' onclick='p4hMemberClick(this);'>\n                <div class=\"cfp-item-body\">\n                    <div class=\"cfp-image-wrapper\">\n                        <img decoding=\"async\" src=\"https:\/\/p4h.world\/app\/uploads\/2023\/04\/federal-ministry-economic-cooperation-development_logo.png\" class=\"cfp-image\" \/>\n                    <\/div>\n                    <div class=\"cfp-details-wrapper\">\n                        <h5>Minist\u00e8re f\u00e9d\u00e9ral de la coop\u00e9ration \u00e9conomique et du d\u00e9veloppement (BMZ) &#8211; Allemagne<\/h5>\n                        <!-- <h6 style=\"color: #4c7e96;\"><a href=\"https:\/\/www.bmz.de\/en\" class=\"cfp-author-link\">Visitez le site web <\/a><\/h6> -->\n                    <\/div>\n                <\/div>\n            <\/div>\n                    <div class=\"cfp-item\" data-title-html='<h3><span class=\"organization-icon\" style=\"background-image: url(https:\/\/p4h.world\/app\/uploads\/2022\/12\/ilo_logo-1.png);\"><\/span><\/h3><h3>Organisation internationale du travail (OIT) <\/h3>' data-body-html='<p>[et_pb_section fb_built=&#8221;1&#8243; _builder_version=&#8221;4.16&#8243; global_colors_info=&#8221;{}&#8221;][et_pb_row _builder_version=&#8221;4.16&#8243; background_size=&#8221;initial&#8221; background_position=&#8221;top_left&#8221; background_repeat=&#8221;repeat&#8221; global_colors_info=&#8221;{}&#8221;][et_pb_column type=&#8221;4_4&#8243; _builder_version=&#8221;4.16&#8243; custom_padding=&#8221;|||&#8221; global_colors_info=&#8221;{}&#8221; custom_padding__hover=&#8221;|||&#8221;][et_pb_text _builder_version=&#8221;4.21.0&#8243; background_size=&#8221;initial&#8221; background_position=&#8221;top_left&#8221; background_repeat=&#8221;repeat&#8221; hover_enabled=&#8221;0&#8243; global_colors_info=&#8221;{}&#8221; sticky_enabled=&#8221;0&#8243;]<\/p>\n<p>L&#8217;Organisation internationale du travail (OIT) se consacre \u00e0 la promotion de la justice sociale et des droits de l&#8217;homme et du travail internationalement reconnus, poursuivant sa mission fondatrice selon laquelle la justice sociale est essentielle \u00e0 une paix universelle et durable. Depuis le d\u00e9but des ann\u00e9es 1950, l&#8217;OIT fournit une coop\u00e9ration technique \u00e0 des pays de tous les continents. Les projets sont mis en \u0153uvre gr\u00e2ce \u00e0 une \u00e9troite collaboration entre les pays b\u00e9n\u00e9ficiaires, les donateurs et l&#8217;OIT. L&#8217;OIT a rejoint le P4H en juin 2007.  <\/p>\n<p>[\/et_pb_text][\/et_pb_column][\/et_pb_row][\/et_pb_section]<\/p>\n' data-link-html='<a href=\"https:\/\/www.ilo.org\/global\/lang--en\/index.htm\" class=\"go-to-country-page\">Visitez le site web&nbsp;<span class=\"et-pb-icon p4h-fs-24 p4h-va-middle\">$<\/span><\/a>' onclick='p4hMemberClick(this);'>\n                <div class=\"cfp-item-body\">\n                    <div class=\"cfp-image-wrapper\">\n                        <img decoding=\"async\" src=\"https:\/\/p4h.world\/app\/uploads\/2022\/12\/ilo_logo-1.png\" class=\"cfp-image\" \/>\n                    <\/div>\n                    <div class=\"cfp-details-wrapper\">\n                        <h5>Organisation internationale du travail (OIT)<\/h5>\n                        <!-- <h6 style=\"color: #4c7e96;\"><a href=\"https:\/\/www.ilo.org\/global\/lang--en\/index.htm\" class=\"cfp-author-link\">Visitez le site web <\/a><\/h6> -->\n                    <\/div>\n                <\/div>\n            <\/div>\n                    <div class=\"cfp-item\" data-title-html='<h3><span class=\"organization-icon\" style=\"background-image: url(https:\/\/p4h.world\/app\/uploads\/2007\/05\/who_member.png);\"><\/span><\/h3><h3>Organisation mondiale de la sant\u00e9 (OMS) <\/h3>' data-body-html='<p>[et_pb_section fb_built=&#8221;1&#8243; admin_label=&#8221;!! PLEASE DO NOT EDIT !!!&#8221; _builder_version=&#8221;4.19.5&#8243; _module_preset=&#8221;default&#8221; global_colors_info=&#8221;{}&#8221;][et_pb_row admin_label=&#8221;! !! NE PAS MODIFIER ! !! &#8221; _builder_version=&#8221;4.19.5&#8243; _module_preset=&#8221;default&#8221; global_colors_info=&#8221;{}&#8221;][et_pb_column type=&#8221;4_4&#8243; _builder_version=&#8221;4.19.5&#8243; _module_preset=&#8221;default&#8221; global_colors_info=&#8221;{}&#8221;][et_pb_text admin_label=&#8221;TO BE EDITED &#8211; TEXT &#8211; BLOCK 4 &#8211; click on the WHEEL icon&#8221; _builder_version=&#8221;4.21.0&#8243; _module_preset=&#8221;default&#8221; hover_enabled=&#8221;0&#8243; global_colors_info=&#8221;{}&#8221; sticky_enabled=&#8221;0&#8243;]L&#8217;Organisation mondiale de la sant\u00e9 (OMS) est une institution sp\u00e9cialis\u00e9e des Nations unies, cr\u00e9\u00e9e en 1948, dont l&#8217;objectif principal est de promouvoir la sant\u00e9 publique mondiale. L&#8217;OMS coordonne la r\u00e9ponse mondiale aux urgences sanitaires, promeut le bien-\u00eatre, pr\u00e9vient les maladies et \u00e9largit l&#8217;acc\u00e8s aux soins de sant\u00e9. En mettant les nations, les populations et les partenaires en contact avec des donn\u00e9es scientifiques fiables, l&#8217;OMS s&#8217;efforce de donner \u00e0 chacun une chance \u00e9gale de vivre en s\u00e9curit\u00e9 et en bonne sant\u00e9. Elle a rejoint le P4H en juin 2007.[\/et_pb_text][\/et_pb_column][\/et_pb_row][\/et_pb_section]<\/p>\n' data-link-html='<a href=\"https:\/\/who.int\" class=\"go-to-country-page\">Visitez le site web&nbsp;<span class=\"et-pb-icon p4h-fs-24 p4h-va-middle\">$<\/span><\/a>' onclick='p4hMemberClick(this);'>\n                <div class=\"cfp-item-body\">\n                    <div class=\"cfp-image-wrapper\">\n                        <img decoding=\"async\" src=\"https:\/\/p4h.world\/app\/uploads\/2007\/05\/who_member.png\" class=\"cfp-image\" \/>\n                    <\/div>\n                    <div class=\"cfp-details-wrapper\">\n                        <h5>Organisation mondiale de la sant\u00e9 (OMS)<\/h5>\n                        <!-- <h6 style=\"color: #4c7e96;\"><a href=\"https:\/\/who.int\" class=\"cfp-author-link\">Visitez le site web <\/a><\/h6> -->\n                    <\/div>\n                <\/div>\n            <\/div>\n                    <div class=\"cfp-item\" data-title-html='<h3><span class=\"organization-icon\" style=\"background-image: url(https:\/\/p4h.world\/app\/uploads\/2024\/09\/senegal_member.png);\"><\/span><\/h3><h3>S\u00e9n\u00e9gal <\/h3>' data-body-html='<p>Le S\u00e9n\u00e9gal est largement engag\u00e9 dans la CSU : au niveau politique, institutionnel, financier et op\u00e9rationnel. Le Minist\u00e8re de la Sant\u00e9 et de l&#8217;Action Sociale (MHSA) du S\u00e9n\u00e9gal, \u00e0 travers son programme de protection sociale, s&#8217;engage \u00e0 am\u00e9liorer l&#8217;acc\u00e8s aux services de sant\u00e9 et d&#8217;assistance sociale sans discrimination. Le S\u00e9n\u00e9gal rejoindra le r\u00e9seau P4H en novembre 2023. <\/p>\n' data-link-html='<a href=\"https:\/\/p4h.world\/en\/countries\/senegal\/\" class=\"go-to-country-page\">Visitez le site web&nbsp;<span class=\"et-pb-icon p4h-fs-24 p4h-va-middle\">$<\/span><\/a>' onclick='p4hMemberClick(this);'>\n                <div class=\"cfp-item-body\">\n                    <div class=\"cfp-image-wrapper\">\n                        <img decoding=\"async\" src=\"https:\/\/p4h.world\/app\/uploads\/2024\/09\/senegal_member.png\" class=\"cfp-image\" \/>\n                    <\/div>\n                    <div class=\"cfp-details-wrapper\">\n                        <h5>S\u00e9n\u00e9gal<\/h5>\n                        <!-- <h6 style=\"color: #4c7e96;\"><a href=\"https:\/\/p4h.world\/en\/countries\/senegal\/\" class=\"cfp-author-link\">Visitez le site web <\/a><\/h6> -->\n                    <\/div>\n                <\/div>\n            <\/div>\n                    <div class=\"cfp-item\" data-title-html='<h3><span class=\"organization-icon\" style=\"background-image: url(https:\/\/p4h.world\/app\/uploads\/2024\/06\/pucp_logo.png);\"><\/span><\/h3><h3>Universit\u00e9 catholique pontificale du P\u00e9rou (PCUP) <\/h3>' data-body-html='<p>L&#8217;universit\u00e9 catholique pontificale du P\u00e9rou (PUCP) est une communaut\u00e9 universitaire plurielle et tol\u00e9rante, inspir\u00e9e par des principes \u00e9thiques, d\u00e9mocratiques et catholiques, dans le respect de la libert\u00e9 de culte. Elle offre une \u00e9ducation civique, humaniste, scientifique et globale d&#8217;excellence acad\u00e9mique. Elle contribue \u00e0 l&#8217;am\u00e9lioration des connaissances par la recherche et l&#8217;innovation au niveau international. Elle rejoindra le r\u00e9seau P4H en novembre 2023.   <\/p>\n' data-link-html='<a href=\"https:\/\/www.pucp.edu.pe\/en\/\" class=\"go-to-country-page\">Visitez le site web&nbsp;<span class=\"et-pb-icon p4h-fs-24 p4h-va-middle\">$<\/span><\/a>' onclick='p4hMemberClick(this);'>\n                <div class=\"cfp-item-body\">\n                    <div class=\"cfp-image-wrapper\">\n                        <img decoding=\"async\" src=\"https:\/\/p4h.world\/app\/uploads\/2024\/06\/pucp_logo.png\" class=\"cfp-image\" \/>\n                    <\/div>\n                    <div class=\"cfp-details-wrapper\">\n                        <h5>Universit\u00e9 catholique pontificale du P\u00e9rou (PCUP)<\/h5>\n                        <!-- <h6 style=\"color: #4c7e96;\"><a href=\"https:\/\/www.pucp.edu.pe\/en\/\" class=\"cfp-author-link\">Visitez le site web <\/a><\/h6> -->\n                    <\/div>\n                <\/div>\n            <\/div>\n                    <div class=\"cfp-item\" data-title-html='<h3><span class=\"organization-icon\" style=\"background-image: url(https:\/\/p4h.world\/app\/uploads\/2024\/06\/university-antioquia-colombia.png);\"><\/span><\/h3><h3>Universit\u00e9 d&#8217;Antioquia &#8211; Colombie <\/h3>' data-body-html='<p>L&#8217;Universidad de Antioquia est une universit\u00e9 publique fond\u00e9e en 1803. L&#8217;objectif de l&#8217;Universidad de Antioquia est de poursuivre, d\u00e9velopper et diffuser les connaissances dans les domaines des sciences humaines, des sciences, des arts, de la philosophie et de la technologie par le biais de la recherche, de l&#8217;enseignement et des activit\u00e9s de sensibilisation. Elle rejoindra le r\u00e9seau P4H en novembre 2023.  <\/p>\n' data-link-html='<a href=\"http:\/\/www.udea.edu.co\/\" class=\"go-to-country-page\">Visitez le site web&nbsp;<span class=\"et-pb-icon p4h-fs-24 p4h-va-middle\">$<\/span><\/a>' onclick='p4hMemberClick(this);'>\n                <div class=\"cfp-item-body\">\n                    <div class=\"cfp-image-wrapper\">\n                        <img decoding=\"async\" src=\"https:\/\/p4h.world\/app\/uploads\/2024\/06\/university-antioquia-colombia.png\" class=\"cfp-image\" \/>\n                    <\/div>\n                    <div class=\"cfp-details-wrapper\">\n                        <h5>Universit\u00e9 d&#8217;Antioquia &#8211; Colombie<\/h5>\n                        <!-- <h6 style=\"color: #4c7e96;\"><a href=\"http:\/\/www.udea.edu.co\/\" class=\"cfp-author-link\">Visitez le site web <\/a><\/h6> -->\n                    <\/div>\n                <\/div>\n            <\/div>\n                    <div class=\"cfp-item\" data-title-html='<h3><span class=\"organization-icon\" style=\"background-image: url(https:\/\/p4h.world\/app\/uploads\/2024\/06\/kamuzu_logo.png);\"><\/span><\/h3><h3>Universit\u00e9 Kamuzu des sciences de la sant\u00e9 (KUHeS) &#8211; Malawi <\/h3>' data-body-html='<p>L&#8217;Universit\u00e9 Kamuzu des sciences de la sant\u00e9 (KUHeS) est un \u00e9tablissement public d&#8217;enseignement sup\u00e9rieur complet dans le domaine de la sant\u00e9 et des sciences connexes. L&#8217;objectif de l&#8217;universit\u00e9 est de transmettre des connaissances et de produire des comp\u00e9tences transf\u00e9rables par l&#8217;enseignement et l&#8217;apprentissage, la recherche, le conseil et l&#8217;application des connaissances, des comp\u00e9tences et des aptitudes pour r\u00e9pondre aux besoins professionnels de la soci\u00e9t\u00e9 aux niveaux national, r\u00e9gional et mondial. Elle rejoindra le r\u00e9seau P4H en novembre 2023.  <\/p>\n' data-link-html='<a href=\"https:\/\/www.kuhes.ac.mw\/\" class=\"go-to-country-page\">Visitez le site web&nbsp;<span class=\"et-pb-icon p4h-fs-24 p4h-va-middle\">$<\/span><\/a>' onclick='p4hMemberClick(this);'>\n                <div class=\"cfp-item-body\">\n                    <div class=\"cfp-image-wrapper\">\n                        <img decoding=\"async\" src=\"https:\/\/p4h.world\/app\/uploads\/2024\/06\/kamuzu_logo.png\" class=\"cfp-image\" \/>\n                    <\/div>\n                    <div class=\"cfp-details-wrapper\">\n                        <h5>Universit\u00e9 Kamuzu des sciences de la sant\u00e9 (KUHeS) &#8211; Malawi<\/h5>\n                        <!-- <h6 style=\"color: #4c7e96;\"><a href=\"https:\/\/www.kuhes.ac.mw\/\" class=\"cfp-author-link\">Visitez le site web <\/a><\/h6> -->\n                    <\/div>\n                <\/div>\n            <\/div>\n            <\/div>\n<\/div>\n\n<style>\n    .organization-grid-wrapper {\n        z-index: 100002;\n        position: fixed;\n        width: 100vw;\n        height: 100vh;\n        background-color: #0b0c0d;\n    }\n\n    .organization-grid-wrapper.fade {\n        display: none;\n        opacity: 0;\n    }\n\n    .organization-grid-wrapper.show {\n        display: block;\n        opacity: 0.5;\n    }\n\n    .cfp-grid-wrapper .cfp-grid .cfp-item .cfp-image-wrapper {\n        width: inherit;\n        height: inherit;\n        border-radius: 0;\n    }\n\n    .cfp-grid-wrapper .cfp-grid .cfp-item .cfp-image-wrapper img {\n        max-height: 100px;\n    }\n\n    .cfp-grid-wrapper .cfp-grid .cfp-item .cfp-item-body {\n        border-left: 2px solid transparent;\n        border-right: 2px solid transparent;\n        border-bottom: 2px solid transparent;\n        z-index: 10003;\n    }\n\n    .cfp-grid-wrapper .cfp-grid .cfp-item .cfp-item-body:hover {\n        border: 2px solid #ea3a32;\n        cursor: pointer;\n    }\n\n    .p4h-member-sidebar-body .organization-icon {\n        height: 100%;\n        min-height: 100px;\n        display: inline-block;\n        background-size: contain;\n        background-position: center center;\n        background-repeat: no-repeat;\n        width: 100%;\n    }\n<\/style>\n\n<script>\n    jQuery(document).ready(function() {\n        jQuery(\"#page-container\").before(`<div class=\"p4h-member-wrapper\" id=\"p4h-member-wrapper\" style=\"position:relative;\">\n            <div class=\"p4h-member-sidebar\" id=\"p4h-member-sidebar\">\n                <span class=\"p4h-member-sidebar-close\"><span class=\"et-pb-icon\" style=\"font-size: 32px;\">M<\/span><\/span>\n                <div class=\"p4h-member-sidebar-body\">\n                    <!-- Dynamic Content will load here. -->\n                <\/div>\n            <\/div>\n\n        <\/div><div class=\"organization-grid-wrapper fade\"><\/div>`);\n    });\n<\/script>[\/et_pb_code][\/et_pb_column][\/et_pb_row][\/et_pb_section]<\/p>\n","protected":false},"excerpt":{"rendered":"<p>[et_pb_section fb_built=&#8221;1&#8243; admin_label=&#8221;Section&#8221; _builder_version=&#8221;4.21.0&#8243; _module_preset=&#8221;default&#8221; background_color=&#8221;#e8e7e2&#8243; locked=&#8221;off&#8221; global_colors_info=&#8221;{}&#8221;][et_pb_row disabled_on=&#8221;off|off|off&#8221; admin_label=&#8221;Entretoise&#8221; _builder_version=&#8221;4.21.0&#8243; _module_preset=&#8221;default&#8221; display_conditions=&#8221;W10=&#8221; custom_padding=&#8221;0px|0px|29px|0px|false|false&#8221; global_module=&#8221;987504603&#8243; saved_tabs=&#8221;all&#8221; collapsed=&#8221;on&#8221; global_colors_info=&#8221;{}&#8221;][et_pb_column type=&#8221;4_4&#8243; _builder_version=&#8221;4.19.2&#8243; _module_preset=&#8221;default&#8221; global_colors_info=&#8221;{}&#8221;][\/et_pb_column][\/et_pb_row][et_pb_row make_equal=&#8221;on&#8221; admin_label=&#8221;Vue d&#039;ensemble&#8221; _builder_version=&#8221;4.20.4&#8243; _module_preset=&#8221;default&#8221; custom_padding=&#8221;0px|15px|0px|15px|false|true&#8221; custom_css_main_element=&#8221;align-items: center;&#8221; collapsed=&#8221;off&#8221; global_colors_info=&#8221;{}&#8221;][et_pb_column type=&#8221;4_4&#8243; admin_label=&#8221;Colonne&#8221; _builder_version=&#8221;4.20.2&#8243; _module_preset=&#8221;default&#8221; custom_padding=&#8221;||||false|true&#8221; global_colors_info=&#8221;{}&#8221;][et_pb_text _builder_version=&#8221;4.21.0&#8243; _module_preset=&#8221;default&#8221; header_3_font=&#8221;|||on|||||&#8221; header_3_text_color=&#8221;#5EAABC&#8221; hover_enabled=&#8221;0&#8243; global_colors_info=&#8221;{}&#8221; sticky_enabled=&#8221;0&#8243;] Le r\u00e9seau P4H est un r\u00e9seau mondial ouvert \u00e0 tous&#8230;<\/p>\n","protected":false},"author":1,"featured_media":0,"parent":987628446,"menu_order":0,"comment_status":"closed","ping_status":"closed","template":"","meta":{"_et_pb_use_builder":"on","_et_pb_old_content":"","_et_gb_content_width":""},"acf":[],"_links":{"self":[{"href":"https:\/\/p4h.world\/fr\/wp-json\/wp\/v2\/pages\/987628289"}],"collection":[{"href":"https:\/\/p4h.world\/fr\/wp-json\/wp\/v2\/pages"}],"about":[{"href":"https:\/\/p4h.world\/fr\/wp-json\/wp\/v2\/types\/page"}],"author":[{"embeddable":true,"href":"https:\/\/p4h.world\/fr\/wp-json\/wp\/v2\/users\/1"}],"replies":[{"embeddable":true,"href":"https:\/\/p4h.world\/fr\/wp-json\/wp\/v2\/comments?post=987628289"}],"version-history":[{"count":36,"href":"https:\/\/p4h.world\/fr\/wp-json\/wp\/v2\/pages\/987628289\/revisions"}],"predecessor-version":[{"id":987791501,"href":"https:\/\/p4h.world\/fr\/wp-json\/wp\/v2\/pages\/987628289\/revisions\/987791501"}],"up":[{"embeddable":true,"href":"https:\/\/p4h.world\/fr\/wp-json\/wp\/v2\/pages\/987628446"}],"wp:attachment":[{"href":"https:\/\/p4h.world\/fr\/wp-json\/wp\/v2\/media?parent=987628289"}],"curies":[{"name":"wp","href":"https:\/\/api.w.org\/{rel}","templated":true}]}}